{"id":10,"date":"2021-03-11T14:14:29","date_gmt":"2021-03-11T13:14:29","guid":{"rendered":"http:\/\/afpcahome\/site\/?page_id=10"},"modified":"2023-12-13T16:37:54","modified_gmt":"2023-12-13T15:37:54","slug":"qui-sommes-nous","status":"publish","type":"page","link":"https:\/\/afpca.fr\/site\/qui-sommes-nous\/","title":{"rendered":"Qui sommes-nous ?"},"content":{"rendered":"\t\t<div data-elementor-type=\"wp-page\" data-elementor-id=\"10\" class=\"elementor elementor-10\">\n\t\t\t\t\t\t<section class=\"elementor-section elementor-top-section elementor-element elementor-element-155e090 elementor-section-boxed elementor-section-height-default elementor-section-height-default\" data-id=\"155e090\" data-element_type=\"section\" data-e-type=\"section\">\n\t\t\t\t\t\t<div class=\"elementor-container elementor-column-gap-default\">\n\t\t\t\t\t<div class=\"elementor-column elementor-col-100 elementor-top-column elementor-element elementor-element-7dc92cd\" data-id=\"7dc92cd\" data-element_type=\"column\" data-e-type=\"column\">\n\t\t\t<div class=\"elementor-widget-wrap elementor-element-populated\">\n\t\t\t\t\t\t<div class=\"elementor-element elementor-element-848b902 elementor-widget elementor-widget-image\" data-id=\"848b902\" data-element_type=\"widget\" data-e-type=\"widget\" data-widget_type=\"image.default\">\n\t\t\t\t<div class=\"elementor-widget-container\">\n\t\t\t\t\t\t\t\t\t\t\t\t\t\t\t<img decoding=\"async\" src=\"https:\/\/afpca.fr\/site\/wp-content\/uploads\/2023\/11\/organigrammeafpca.png\" title=\"organigrammeafpca\" alt=\"organigrammeafpca\" loading=\"lazy\" \/>\t\t\t\t\t\t\t\t\t\t\t\t\t\t\t<\/div>\n\t\t\t\t<\/div>\n\t\t\t\t\t<\/div>\n\t\t<\/div>\n\t\t\t\t\t<\/div>\n\t\t<\/section>\n\t\t\t\t<section class=\"elementor-section elementor-top-section elementor-element elementor-element-65f91a3 elementor-section-boxed elementor-section-height-default elementor-section-height-default\" data-id=\"65f91a3\" data-element_type=\"section\" data-e-type=\"section\">\n\t\t\t\t\t\t<div class=\"elementor-container elementor-column-gap-default\">\n\t\t\t\t\t<div class=\"elementor-column elementor-col-100 elementor-top-column elementor-element elementor-element-ee44a58\" data-id=\"ee44a58\" data-element_type=\"column\" data-e-type=\"column\">\n\t\t\t<div class=\"elementor-widget-wrap elementor-element-populated\">\n\t\t\t\t\t\t<div class=\"elementor-element elementor-element-f1de48f elementor-widget elementor-widget-heading\" data-id=\"f1de48f\" data-element_type=\"widget\" data-e-type=\"widget\" data-widget_type=\"heading.default\">\n\t\t\t\t<div class=\"elementor-widget-container\">\n\t\t\t\t\t<h2 class=\"elementor-heading-title elementor-size-default\">Nos missions<\/h2>\t\t\t\t<\/div>\n\t\t\t\t<\/div>\n\t\t\t\t\t<\/div>\n\t\t<\/div>\n\t\t\t\t\t<\/div>\n\t\t<\/section>\n\t\t\t\t<section class=\"elementor-section elementor-top-section elementor-element elementor-element-0b19a0b elementor-section-boxed elementor-section-height-default elementor-section-height-default\" data-id=\"0b19a0b\" data-element_type=\"section\" data-e-type=\"section\">\n\t\t\t\t\t\t<div class=\"elementor-container elementor-column-gap-default\">\n\t\t\t\t\t<div class=\"elementor-column elementor-col-20 elementor-top-column elementor-element elementor-element-2da53b7\" data-id=\"2da53b7\" data-element_type=\"column\" data-e-type=\"column\">\n\t\t\t<div class=\"elementor-widget-wrap elementor-element-populated\">\n\t\t\t\t\t\t<div class=\"elementor-element elementor-element-0926318 elementor-widget elementor-widget-image\" data-id=\"0926318\" data-element_type=\"widget\" data-e-type=\"widget\" data-widget_type=\"image.default\">\n\t\t\t\t<div class=\"elementor-widget-container\">\n\t\t\t\t\t\t\t\t\t\t\t\t\t\t\t<img fetchpriority=\"high\" decoding=\"async\" width=\"500\" height=\"501\" src=\"https:\/\/afpca.fr\/site\/wp-content\/uploads\/2021\/03\/1-1.png\" class=\"attachment-large size-large wp-image-931\" alt=\"Rassembler\" srcset=\"https:\/\/afpca.fr\/site\/wp-content\/uploads\/2021\/03\/1-1.png 500w, https:\/\/afpca.fr\/site\/wp-content\/uploads\/2021\/03\/1-1-300x300.png 300w, https:\/\/afpca.fr\/site\/wp-content\/uploads\/2021\/03\/1-1-150x150.png 150w\" sizes=\"(max-width: 500px) 100vw, 500px\" \/>\t\t\t\t\t\t\t\t\t\t\t\t\t\t\t<\/div>\n\t\t\t\t<\/div>\n\t\t\t\t\t<\/div>\n\t\t<\/div>\n\t\t\t\t<div class=\"elementor-column elementor-col-20 elementor-top-column elementor-element elementor-element-bac3273\" data-id=\"bac3273\" data-element_type=\"column\" data-e-type=\"column\">\n\t\t\t<div class=\"elementor-widget-wrap elementor-element-populated\">\n\t\t\t\t\t\t<div class=\"elementor-element elementor-element-52e8c3e elementor-widget elementor-widget-image\" data-id=\"52e8c3e\" data-element_type=\"widget\" data-e-type=\"widget\" data-widget_type=\"image.default\">\n\t\t\t\t<div class=\"elementor-widget-container\">\n\t\t\t\t\t\t\t\t\t\t\t\t\t\t\t<img decoding=\"async\" width=\"500\" height=\"501\" src=\"https:\/\/afpca.fr\/site\/wp-content\/uploads\/2021\/03\/3-1.png\" class=\"attachment-large size-large wp-image-933\" alt=\"Informer\" srcset=\"https:\/\/afpca.fr\/site\/wp-content\/uploads\/2021\/03\/3-1.png 500w, https:\/\/afpca.fr\/site\/wp-content\/uploads\/2021\/03\/3-1-300x300.png 300w, https:\/\/afpca.fr\/site\/wp-content\/uploads\/2021\/03\/3-1-150x150.png 150w\" sizes=\"(max-width: 500px) 100vw, 500px\" \/>\t\t\t\t\t\t\t\t\t\t\t\t\t\t\t<\/div>\n\t\t\t\t<\/div>\n\t\t\t\t\t<\/div>\n\t\t<\/div>\n\t\t\t\t<div class=\"elementor-column elementor-col-20 elementor-top-column elementor-element elementor-element-ef2cb0f\" data-id=\"ef2cb0f\" data-element_type=\"column\" data-e-type=\"column\">\n\t\t\t<div class=\"elementor-widget-wrap elementor-element-populated\">\n\t\t\t\t\t\t<div class=\"elementor-element elementor-element-ca5e588 elementor-widget elementor-widget-image\" data-id=\"ca5e588\" data-element_type=\"widget\" data-e-type=\"widget\" data-widget_type=\"image.default\">\n\t\t\t\t<div class=\"elementor-widget-container\">\n\t\t\t\t\t\t\t\t\t\t\t\t\t\t\t<img decoding=\"async\" width=\"500\" height=\"501\" src=\"https:\/\/afpca.fr\/site\/wp-content\/uploads\/2021\/03\/2-1.png\" class=\"attachment-large size-large wp-image-932\" alt=\"Cr\u00e9er\" srcset=\"https:\/\/afpca.fr\/site\/wp-content\/uploads\/2021\/03\/2-1.png 500w, https:\/\/afpca.fr\/site\/wp-content\/uploads\/2021\/03\/2-1-300x300.png 300w, https:\/\/afpca.fr\/site\/wp-content\/uploads\/2021\/03\/2-1-150x150.png 150w\" sizes=\"(max-width: 500px) 100vw, 500px\" \/>\t\t\t\t\t\t\t\t\t\t\t\t\t\t\t<\/div>\n\t\t\t\t<\/div>\n\t\t\t\t\t<\/div>\n\t\t<\/div>\n\t\t\t\t<div class=\"elementor-column elementor-col-20 elementor-top-column elementor-element elementor-element-161ba28\" data-id=\"161ba28\" data-element_type=\"column\" data-e-type=\"column\">\n\t\t\t<div class=\"elementor-widget-wrap elementor-element-populated\">\n\t\t\t\t\t\t<div class=\"elementor-element elementor-element-c0a5dfc elementor-widget elementor-widget-image\" data-id=\"c0a5dfc\" data-element_type=\"widget\" data-e-type=\"widget\" data-widget_type=\"image.default\">\n\t\t\t\t<div class=\"elementor-widget-container\">\n\t\t\t\t\t\t\t\t\t\t\t\t\t\t\t<img loading=\"lazy\" decoding=\"async\" width=\"500\" height=\"501\" src=\"https:\/\/afpca.fr\/site\/wp-content\/uploads\/2021\/03\/4-1.png\" class=\"attachment-large size-large wp-image-934\" alt=\"Apporter\" srcset=\"https:\/\/afpca.fr\/site\/wp-content\/uploads\/2021\/03\/4-1.png 500w, https:\/\/afpca.fr\/site\/wp-content\/uploads\/2021\/03\/4-1-300x300.png 300w, https:\/\/afpca.fr\/site\/wp-content\/uploads\/2021\/03\/4-1-150x150.png 150w\" sizes=\"(max-width: 500px) 100vw, 500px\" \/>\t\t\t\t\t\t\t\t\t\t\t\t\t\t\t<\/div>\n\t\t\t\t<\/div>\n\t\t\t\t\t<\/div>\n\t\t<\/div>\n\t\t\t\t<div class=\"elementor-column elementor-col-20 elementor-top-column elementor-element elementor-element-d90ed84\" data-id=\"d90ed84\" data-element_type=\"column\" data-e-type=\"column\">\n\t\t\t<div class=\"elementor-widget-wrap elementor-element-populated\">\n\t\t\t\t\t\t<div class=\"elementor-element elementor-element-78c3c1f elementor-widget elementor-widget-image\" data-id=\"78c3c1f\" data-element_type=\"widget\" data-e-type=\"widget\" data-widget_type=\"image.default\">\n\t\t\t\t<div class=\"elementor-widget-container\">\n\t\t\t\t\t\t\t\t\t\t\t\t\t\t\t<img loading=\"lazy\" decoding=\"async\" width=\"500\" height=\"501\" src=\"https:\/\/afpca.fr\/site\/wp-content\/uploads\/2021\/03\/5E.png\" class=\"attachment-large size-large wp-image-935\" alt=\"Contribuer\" srcset=\"https:\/\/afpca.fr\/site\/wp-content\/uploads\/2021\/03\/5E.png 500w, https:\/\/afpca.fr\/site\/wp-content\/uploads\/2021\/03\/5E-300x300.png 300w, https:\/\/afpca.fr\/site\/wp-content\/uploads\/2021\/03\/5E-150x150.png 150w\" sizes=\"(max-width: 500px) 100vw, 500px\" \/>\t\t\t\t\t\t\t\t\t\t\t\t\t\t\t<\/div>\n\t\t\t\t<\/div>\n\t\t\t\t\t<\/div>\n\t\t<\/div>\n\t\t\t\t\t<\/div>\n\t\t<\/section>\n\t\t\t\t<section class=\"elementor-section elementor-top-section elementor-element elementor-element-991c590 elementor-section-boxed elementor-section-height-default elementor-section-height-default\" data-id=\"991c590\" data-element_type=\"section\" data-e-type=\"section\">\n\t\t\t\t\t\t<div class=\"elementor-container elementor-column-gap-default\">\n\t\t\t\t\t<div class=\"elementor-column elementor-col-20 elementor-top-column elementor-element elementor-element-93874e8\" data-id=\"93874e8\" data-element_type=\"column\" data-e-type=\"column\">\n\t\t\t<div class=\"elementor-widget-wrap elementor-element-populated\">\n\t\t\t\t\t\t<div class=\"elementor-element elementor-element-9aaee70 elementor-widget elementor-widget-text-editor\" data-id=\"9aaee70\" data-element_type=\"widget\" data-e-type=\"widget\" data-widget_type=\"text-editor.default\">\n\t\t\t\t<div class=\"elementor-widget-container\">\n\t\t\t\t\t\t\t\t\t<p><strong>Rassembler<\/strong> les malades atteints de la polychondrite chronique atrophiante (PCA) et leurs familles en France et dans les pays francophones.<\/p>\t\t\t\t\t\t\t\t<\/div>\n\t\t\t\t<\/div>\n\t\t\t\t\t<\/div>\n\t\t<\/div>\n\t\t\t\t<div class=\"elementor-column elementor-col-20 elementor-top-column elementor-element elementor-element-6a4c92c\" data-id=\"6a4c92c\" data-element_type=\"column\" data-e-type=\"column\">\n\t\t\t<div class=\"elementor-widget-wrap elementor-element-populated\">\n\t\t\t\t\t\t<div class=\"elementor-element elementor-element-50134b1 elementor-widget elementor-widget-text-editor\" data-id=\"50134b1\" data-element_type=\"widget\" data-e-type=\"widget\" data-widget_type=\"text-editor.default\">\n\t\t\t\t<div class=\"elementor-widget-container\">\n\t\t\t\t\t\t\t\t\t<p><b>Informer <\/b>le public, le corps m\u00e9dical et les autorit\u00e9s sanitaires et sociales, de fa\u00e7on \u00e0 am\u00e9liorer le diagnostic et fait reconna\u00eetre l\u2019existence de la PCA et sa sp\u00e9cificit\u00e9 au sein des maladies rares.<\/p>\t\t\t\t\t\t\t\t<\/div>\n\t\t\t\t<\/div>\n\t\t\t\t\t<\/div>\n\t\t<\/div>\n\t\t\t\t<div class=\"elementor-column elementor-col-20 elementor-top-column elementor-element elementor-element-314c5b9\" data-id=\"314c5b9\" data-element_type=\"column\" data-e-type=\"column\">\n\t\t\t<div class=\"elementor-widget-wrap elementor-element-populated\">\n\t\t\t\t\t\t<div class=\"elementor-element elementor-element-3b68c18 elementor-widget elementor-widget-text-editor\" data-id=\"3b68c18\" data-element_type=\"widget\" data-e-type=\"widget\" data-widget_type=\"text-editor.default\">\n\t\t\t\t<div class=\"elementor-widget-container\">\n\t\t\t\t\t\t\t\t\t<p><b>Cr\u00e9er<\/b> un r\u00e9seau de solidarit\u00e9 europ\u00e9en.<\/p>\t\t\t\t\t\t\t\t<\/div>\n\t\t\t\t<\/div>\n\t\t\t\t\t<\/div>\n\t\t<\/div>\n\t\t\t\t<div class=\"elementor-column elementor-col-20 elementor-top-column elementor-element elementor-element-9818638\" data-id=\"9818638\" data-element_type=\"column\" data-e-type=\"column\">\n\t\t\t<div class=\"elementor-widget-wrap elementor-element-populated\">\n\t\t\t\t\t\t<div class=\"elementor-element elementor-element-0097517 elementor-widget elementor-widget-text-editor\" data-id=\"0097517\" data-element_type=\"widget\" data-e-type=\"widget\" data-widget_type=\"text-editor.default\">\n\t\t\t\t<div class=\"elementor-widget-container\">\n\t\t\t\t\t\t\t\t\t<p><b>Apporter <\/b>une aide technique et morale aux familles confront\u00e9es \u00e0 la PCA.<\/p>\t\t\t\t\t\t\t\t<\/div>\n\t\t\t\t<\/div>\n\t\t\t\t\t<\/div>\n\t\t<\/div>\n\t\t\t\t<div class=\"elementor-column elementor-col-20 elementor-top-column elementor-element elementor-element-84927a5\" data-id=\"84927a5\" data-element_type=\"column\" data-e-type=\"column\">\n\t\t\t<div class=\"elementor-widget-wrap elementor-element-populated\">\n\t\t\t\t\t\t<div class=\"elementor-element elementor-element-7877fd5 elementor-widget elementor-widget-text-editor\" data-id=\"7877fd5\" data-element_type=\"widget\" data-e-type=\"widget\" data-widget_type=\"text-editor.default\">\n\t\t\t\t<div class=\"elementor-widget-container\">\n\t\t\t\t\t\t\t\t\t<p><b>Contribuer <\/b>activement \u00e0 l\u2019effort de recherche m\u00e9dicale et \u00e0 l\u2019am\u00e9lioration des pratiques de soins relatifs \u00e0 la PCA et \u00e0 d\u2019autres pathologies d\u2019expression similaire.<\/p>\t\t\t\t\t\t\t\t<\/div>\n\t\t\t\t<\/div>\n\t\t\t\t\t<\/div>\n\t\t<\/div>\n\t\t\t\t\t<\/div>\n\t\t<\/section>\n\t\t\t\t<section class=\"elementor-section elementor-top-section elementor-element elementor-element-181afb5 elementor-section-boxed elementor-section-height-default elementor-section-height-default\" data-id=\"181afb5\" data-element_type=\"section\" data-e-type=\"section\">\n\t\t\t\t\t\t<div class=\"elementor-container elementor-column-gap-default\">\n\t\t\t\t\t<div class=\"elementor-column elementor-col-100 elementor-top-column elementor-element elementor-element-7ab8c73\" data-id=\"7ab8c73\" data-element_type=\"column\" data-e-type=\"column\">\n\t\t\t<div class=\"elementor-widget-wrap elementor-element-populated\">\n\t\t\t\t\t\t<div class=\"elementor-element elementor-element-a94d33e elementor-widget elementor-widget-heading\" data-id=\"a94d33e\" data-element_type=\"widget\" data-e-type=\"widget\" data-widget_type=\"heading.default\">\n\t\t\t\t<div class=\"elementor-widget-container\">\n\t\t\t\t\t<h2 class=\"elementor-heading-title elementor-size-default\">Nos statuts<\/h2>\t\t\t\t<\/div>\n\t\t\t\t<\/div>\n\t\t\t\t\t<\/div>\n\t\t<\/div>\n\t\t\t\t\t<\/div>\n\t\t<\/section>\n\t\t\t\t<section class=\"elementor-section elementor-top-section elementor-element elementor-element-4de6cee elementor-section-boxed elementor-section-height-default elementor-section-height-default\" data-id=\"4de6cee\" data-element_type=\"section\" data-e-type=\"section\">\n\t\t\t\t\t\t<div class=\"elementor-container elementor-column-gap-default\">\n\t\t\t\t\t<div class=\"elementor-column elementor-col-100 elementor-top-column elementor-element elementor-element-8fddced\" data-id=\"8fddced\" data-element_type=\"column\" data-e-type=\"column\">\n\t\t\t<div class=\"elementor-widget-wrap elementor-element-populated\">\n\t\t\t\t\t\t<div class=\"elementor-element elementor-element-0620c4c elementor-widget elementor-widget-text-editor\" data-id=\"0620c4c\" data-element_type=\"widget\" data-e-type=\"widget\" data-widget_type=\"text-editor.default\">\n\t\t\t\t<div class=\"elementor-widget-container\">\n\t\t\t\t\t\t\t\t\t<p>Vous pouvez lire les statuts de l&#8217;AFPCA\u00a0 mis \u00e0 jour en 2023.\u00a0 <a href=\"https:\/\/afpca.fr\/site\/wp-content\/uploads\/2023\/12\/STATUTS_2023_version_6_12_2023.pdf\">lire les statuts<\/a><\/p>\t\t\t\t\t\t\t\t<\/div>\n\t\t\t\t<\/div>\n\t\t\t\t\t<\/div>\n\t\t<\/div>\n\t\t\t\t\t<\/div>\n\t\t<\/section>\n\t\t\t\t<\/div>\n\t\t","protected":false},"excerpt":{"rendered":"<p>Nos missions Rassembler les malades atteints de la polychondrite chronique atrophiante (PCA) et leurs familles en France et dans les pays francophones. Informer le public, le corps m\u00e9dical et les autorit\u00e9s sanitaires et sociales, de fa\u00e7on \u00e0 am\u00e9liorer le diagnostic et fait reconna\u00eetre l\u2019existence de la PCA et sa sp\u00e9cificit\u00e9 au sein des maladies rares. [&hellip;]<\/p>\n","protected":false},"author":10,"featured_media":0,"parent":0,"menu_order":0,"comment_status":"closed","ping_status":"closed","template":"","meta":{"footnotes":""},"class_list":["post-10","page","type-page","status-publish","hentry","post"],"yoast_head":"<!-- This site is optimized with the Yoast SEO plugin v27.5 - https:\/\/yoast.com\/product\/yoast-seo-wordpress\/ -->\n<title>Qui sommes-nous ? - Association Francophone Contre La Polychondrite Chronique Atrophiante<\/title>\n<meta name=\"robots\" content=\"index, follow, max-snippet:-1, max-image-preview:large, max-video-preview:-1\" \/>\n<link rel=\"canonical\" href=\"https:\/\/afpca.fr\/site\/qui-sommes-nous\/\" \/>\n<meta property=\"og:locale\" content=\"fr_FR\" \/>\n<meta property=\"og:type\" content=\"article\" \/>\n<meta property=\"og:title\" content=\"Qui sommes-nous ? - Association Francophone Contre La Polychondrite Chronique Atrophiante\" \/>\n<meta property=\"og:description\" content=\"Nos missions Rassembler les malades atteints de la polychondrite chronique atrophiante (PCA) et leurs familles en France et dans les pays francophones. Informer le public, le corps m\u00e9dical et les autorit\u00e9s sanitaires et sociales, de fa\u00e7on \u00e0 am\u00e9liorer le diagnostic et fait reconna\u00eetre l\u2019existence de la PCA et sa sp\u00e9cificit\u00e9 au sein des maladies rares. [&hellip;]\" \/>\n<meta property=\"og:url\" content=\"https:\/\/afpca.fr\/site\/qui-sommes-nous\/\" \/>\n<meta property=\"og:site_name\" content=\"Association Francophone Contre La Polychondrite Chronique Atrophiante\" \/>\n<meta property=\"article:publisher\" content=\"https:\/\/www.facebook.com\/groups\/42710644010\" \/>\n<meta property=\"article:modified_time\" content=\"2023-12-13T15:37:54+00:00\" \/>\n<meta property=\"og:image\" content=\"https:\/\/afpca.fr\/site\/wp-content\/uploads\/2023\/11\/organigrammeafpca.png\" \/>\n<meta name=\"twitter:card\" content=\"summary_large_image\" \/>\n<meta name=\"twitter:label1\" content=\"Dur\u00e9e de lecture estim\u00e9e\" \/>\n\t<meta name=\"twitter:data1\" content=\"1 minute\" \/>\n<script type=\"application\/ld+json\" class=\"yoast-schema-graph\">{\"@context\":\"https:\\\/\\\/schema.org\",\"@graph\":[{\"@type\":\"WebPage\",\"@id\":\"https:\\\/\\\/afpca.fr\\\/site\\\/qui-sommes-nous\\\/\",\"url\":\"https:\\\/\\\/afpca.fr\\\/site\\\/qui-sommes-nous\\\/\",\"name\":\"Qui sommes-nous ? - Association Francophone Contre La Polychondrite Chronique Atrophiante\",\"isPartOf\":{\"@id\":\"https:\\\/\\\/afpca.fr\\\/site\\\/#website\"},\"primaryImageOfPage\":{\"@id\":\"https:\\\/\\\/afpca.fr\\\/site\\\/qui-sommes-nous\\\/#primaryimage\"},\"image\":{\"@id\":\"https:\\\/\\\/afpca.fr\\\/site\\\/qui-sommes-nous\\\/#primaryimage\"},\"thumbnailUrl\":\"https:\\\/\\\/afpca.fr\\\/site\\\/wp-content\\\/uploads\\\/2023\\\/11\\\/organigrammeafpca.png\",\"datePublished\":\"2021-03-11T13:14:29+00:00\",\"dateModified\":\"2023-12-13T15:37:54+00:00\",\"breadcrumb\":{\"@id\":\"https:\\\/\\\/afpca.fr\\\/site\\\/qui-sommes-nous\\\/#breadcrumb\"},\"inLanguage\":\"fr-FR\",\"potentialAction\":[{\"@type\":\"ReadAction\",\"target\":[\"https:\\\/\\\/afpca.fr\\\/site\\\/qui-sommes-nous\\\/\"]}]},{\"@type\":\"ImageObject\",\"inLanguage\":\"fr-FR\",\"@id\":\"https:\\\/\\\/afpca.fr\\\/site\\\/qui-sommes-nous\\\/#primaryimage\",\"url\":\"https:\\\/\\\/afpca.fr\\\/site\\\/wp-content\\\/uploads\\\/2023\\\/11\\\/organigrammeafpca.png\",\"contentUrl\":\"https:\\\/\\\/afpca.fr\\\/site\\\/wp-content\\\/uploads\\\/2023\\\/11\\\/organigrammeafpca.png\",\"width\":879,\"height\":639},{\"@type\":\"BreadcrumbList\",\"@id\":\"https:\\\/\\\/afpca.fr\\\/site\\\/qui-sommes-nous\\\/#breadcrumb\",\"itemListElement\":[{\"@type\":\"ListItem\",\"position\":1,\"name\":\"Accueil\",\"item\":\"https:\\\/\\\/afpca.fr\\\/site\\\/\"},{\"@type\":\"ListItem\",\"position\":2,\"name\":\"Qui sommes-nous ?\"}]},{\"@type\":\"WebSite\",\"@id\":\"https:\\\/\\\/afpca.fr\\\/site\\\/#website\",\"url\":\"https:\\\/\\\/afpca.fr\\\/site\\\/\",\"name\":\"Association Francophone Contre La Polychondrite Chronique Atrophiante\",\"description\":\"Association Francophone Contre La Polychondrite Chronique Atrophiante\",\"publisher\":{\"@id\":\"https:\\\/\\\/afpca.fr\\\/site\\\/#organization\"},\"potentialAction\":[{\"@type\":\"SearchAction\",\"target\":{\"@type\":\"EntryPoint\",\"urlTemplate\":\"https:\\\/\\\/afpca.fr\\\/site\\\/?s={search_term_string}\"},\"query-input\":{\"@type\":\"PropertyValueSpecification\",\"valueRequired\":true,\"valueName\":\"search_term_string\"}}],\"inLanguage\":\"fr-FR\"},{\"@type\":\"Organization\",\"@id\":\"https:\\\/\\\/afpca.fr\\\/site\\\/#organization\",\"name\":\"Association Francophone Contre La Polychondrite Chronique Atrophiante\",\"url\":\"https:\\\/\\\/afpca.fr\\\/site\\\/\",\"logo\":{\"@type\":\"ImageObject\",\"inLanguage\":\"fr-FR\",\"@id\":\"https:\\\/\\\/afpca.fr\\\/site\\\/#\\\/schema\\\/logo\\\/image\\\/\",\"url\":\"https:\\\/\\\/afpca.fr\\\/site\\\/wp-content\\\/uploads\\\/2023\\\/05\\\/LOGO_afpca.png\",\"contentUrl\":\"https:\\\/\\\/afpca.fr\\\/site\\\/wp-content\\\/uploads\\\/2023\\\/05\\\/LOGO_afpca.png\",\"width\":184,\"height\":184,\"caption\":\"Association Francophone Contre La Polychondrite Chronique Atrophiante\"},\"image\":{\"@id\":\"https:\\\/\\\/afpca.fr\\\/site\\\/#\\\/schema\\\/logo\\\/image\\\/\"},\"sameAs\":[\"https:\\\/\\\/www.facebook.com\\\/groups\\\/42710644010\"]}]}<\/script>\n<!-- \/ Yoast SEO plugin. -->","yoast_head_json":{"title":"Qui sommes-nous ? - Association Francophone Contre La Polychondrite Chronique Atrophiante","robots":{"index":"index","follow":"follow","max-snippet":"max-snippet:-1","max-image-preview":"max-image-preview:large","max-video-preview":"max-video-preview:-1"},"canonical":"https:\/\/afpca.fr\/site\/qui-sommes-nous\/","og_locale":"fr_FR","og_type":"article","og_title":"Qui sommes-nous ? - Association Francophone Contre La Polychondrite Chronique Atrophiante","og_description":"Nos missions Rassembler les malades atteints de la polychondrite chronique atrophiante (PCA) et leurs familles en France et dans les pays francophones. Informer le public, le corps m\u00e9dical et les autorit\u00e9s sanitaires et sociales, de fa\u00e7on \u00e0 am\u00e9liorer le diagnostic et fait reconna\u00eetre l\u2019existence de la PCA et sa sp\u00e9cificit\u00e9 au sein des maladies rares. [&hellip;]","og_url":"https:\/\/afpca.fr\/site\/qui-sommes-nous\/","og_site_name":"Association Francophone Contre La Polychondrite Chronique Atrophiante","article_publisher":"https:\/\/www.facebook.com\/groups\/42710644010","article_modified_time":"2023-12-13T15:37:54+00:00","og_image":[{"url":"https:\/\/afpca.fr\/site\/wp-content\/uploads\/2023\/11\/organigrammeafpca.png","type":"","width":"","height":""}],"twitter_card":"summary_large_image","twitter_misc":{"Dur\u00e9e de lecture estim\u00e9e":"1 minute"},"schema":{"@context":"https:\/\/schema.org","@graph":[{"@type":"WebPage","@id":"https:\/\/afpca.fr\/site\/qui-sommes-nous\/","url":"https:\/\/afpca.fr\/site\/qui-sommes-nous\/","name":"Qui sommes-nous ? - Association Francophone Contre La Polychondrite Chronique Atrophiante","isPartOf":{"@id":"https:\/\/afpca.fr\/site\/#website"},"primaryImageOfPage":{"@id":"https:\/\/afpca.fr\/site\/qui-sommes-nous\/#primaryimage"},"image":{"@id":"https:\/\/afpca.fr\/site\/qui-sommes-nous\/#primaryimage"},"thumbnailUrl":"https:\/\/afpca.fr\/site\/wp-content\/uploads\/2023\/11\/organigrammeafpca.png","datePublished":"2021-03-11T13:14:29+00:00","dateModified":"2023-12-13T15:37:54+00:00","breadcrumb":{"@id":"https:\/\/afpca.fr\/site\/qui-sommes-nous\/#breadcrumb"},"inLanguage":"fr-FR","potentialAction":[{"@type":"ReadAction","target":["https:\/\/afpca.fr\/site\/qui-sommes-nous\/"]}]},{"@type":"ImageObject","inLanguage":"fr-FR","@id":"https:\/\/afpca.fr\/site\/qui-sommes-nous\/#primaryimage","url":"https:\/\/afpca.fr\/site\/wp-content\/uploads\/2023\/11\/organigrammeafpca.png","contentUrl":"https:\/\/afpca.fr\/site\/wp-content\/uploads\/2023\/11\/organigrammeafpca.png","width":879,"height":639},{"@type":"BreadcrumbList","@id":"https:\/\/afpca.fr\/site\/qui-sommes-nous\/#breadcrumb","itemListElement":[{"@type":"ListItem","position":1,"name":"Accueil","item":"https:\/\/afpca.fr\/site\/"},{"@type":"ListItem","position":2,"name":"Qui sommes-nous ?"}]},{"@type":"WebSite","@id":"https:\/\/afpca.fr\/site\/#website","url":"https:\/\/afpca.fr\/site\/","name":"Association Francophone Contre La Polychondrite Chronique Atrophiante","description":"Association Francophone Contre La Polychondrite Chronique Atrophiante","publisher":{"@id":"https:\/\/afpca.fr\/site\/#organization"},"potentialAction":[{"@type":"SearchAction","target":{"@type":"EntryPoint","urlTemplate":"https:\/\/afpca.fr\/site\/?s={search_term_string}"},"query-input":{"@type":"PropertyValueSpecification","valueRequired":true,"valueName":"search_term_string"}}],"inLanguage":"fr-FR"},{"@type":"Organization","@id":"https:\/\/afpca.fr\/site\/#organization","name":"Association Francophone Contre La Polychondrite Chronique Atrophiante","url":"https:\/\/afpca.fr\/site\/","logo":{"@type":"ImageObject","inLanguage":"fr-FR","@id":"https:\/\/afpca.fr\/site\/#\/schema\/logo\/image\/","url":"https:\/\/afpca.fr\/site\/wp-content\/uploads\/2023\/05\/LOGO_afpca.png","contentUrl":"https:\/\/afpca.fr\/site\/wp-content\/uploads\/2023\/05\/LOGO_afpca.png","width":184,"height":184,"caption":"Association Francophone Contre La Polychondrite Chronique Atrophiante"},"image":{"@id":"https:\/\/afpca.fr\/site\/#\/schema\/logo\/image\/"},"sameAs":["https:\/\/www.facebook.com\/groups\/42710644010"]}]}},"_links":{"self":[{"href":"https:\/\/afpca.fr\/site\/wp-json\/wp\/v2\/pages\/10","targetHints":{"allow":["GET"]}}],"collection":[{"href":"https:\/\/afpca.fr\/site\/wp-json\/wp\/v2\/pages"}],"about":[{"href":"https:\/\/afpca.fr\/site\/wp-json\/wp\/v2\/types\/page"}],"author":[{"embeddable":true,"href":"https:\/\/afpca.fr\/site\/wp-json\/wp\/v2\/users\/10"}],"replies":[{"embeddable":true,"href":"https:\/\/afpca.fr\/site\/wp-json\/wp\/v2\/comments?post=10"}],"version-history":[{"count":0,"href":"https:\/\/afpca.fr\/site\/wp-json\/wp\/v2\/pages\/10\/revisions"}],"wp:attachment":[{"href":"https:\/\/afpca.fr\/site\/wp-json\/wp\/v2\/media?parent=10"}],"curies":[{"name":"wp","href":"https:\/\/api.w.org\/{rel}","templated":true}]}}