{"id":139,"date":"2021-03-11T14:07:45","date_gmt":"2021-03-11T13:07:45","guid":{"rendered":"http:\/\/afpcahome\/site\/?page_id=139"},"modified":"2024-05-07T11:39:44","modified_gmt":"2024-05-07T09:39:44","slug":"actualites-autour-de-la-polychondrite","status":"publish","type":"page","link":"https:\/\/afpca.fr\/site\/actualites-autour-de-la-polychondrite\/","title":{"rendered":"Actualit\u00e9s"},"content":{"rendered":"\t\t<div data-elementor-type=\"wp-page\" data-elementor-id=\"139\" class=\"elementor elementor-139\">\n\t\t\t\t<div class=\"elementor-element elementor-element-cbb252e e-flex e-con-boxed e-con e-parent\" data-id=\"cbb252e\" data-element_type=\"container\" data-e-type=\"container\">\n\t\t\t\t\t<div class=\"e-con-inner\">\n\t\t\t\t<div class=\"elementor-element elementor-element-4669a2c elementor-widget elementor-widget-text-editor\" data-id=\"4669a2c\" data-element_type=\"widget\" data-e-type=\"widget\" data-widget_type=\"text-editor.default\">\n\t\t\t\t<div class=\"elementor-widget-container\">\n\t\t\t\t\t\t\t\t\t<p>Cette page liste l&#8217;ensemble des liens vers les articles archiv\u00e9s sur le monde associatif autour des maladies rares et plus particuli\u00e8rement la polychondrite chronique atrophiante.\u00a0<\/p>\t\t\t\t\t\t\t\t<\/div>\n\t\t\t\t<\/div>\n\t\t\t\t\t<\/div>\n\t\t\t\t<\/div>\n\t\t\t\t<section class=\"elementor-section elementor-top-section elementor-element elementor-element-26125ab elementor-section-boxed elementor-section-height-default elementor-section-height-default\" data-id=\"26125ab\" data-element_type=\"section\" data-e-type=\"section\">\n\t\t\t\t\t\t<div class=\"elementor-container elementor-column-gap-default\">\n\t\t\t\t\t<div class=\"elementor-column elementor-col-100 elementor-top-column elementor-element elementor-element-9a5df4c\" data-id=\"9a5df4c\" data-element_type=\"column\" data-e-type=\"column\">\n\t\t\t<div class=\"elementor-widget-wrap elementor-element-populated\">\n\t\t\t\t\t\t<div class=\"elementor-element elementor-element-124d8c8 elementor-widget elementor-widget-image\" data-id=\"124d8c8\" data-element_type=\"widget\" data-e-type=\"widget\" data-widget_type=\"image.default\">\n\t\t\t\t<div class=\"elementor-widget-container\">\n\t\t\t\t\t\t\t\t\t\t\t\t\t\t\t<img decoding=\"async\" src=\"https:\/\/afpca.fr\/site\/wp-content\/uploads\/elementor\/thumbs\/map-of-the-world-2401458_1920-p40uhfvkgvbtljcqux7rwzotpwy8bi3lv2uuzsmmz4.jpg\" title=\"map-of-the-world-2401458_1920\" alt=\"map-of-the-world-2401458_1920\" loading=\"lazy\" \/>\t\t\t\t\t\t\t\t\t\t\t\t\t\t\t<\/div>\n\t\t\t\t<\/div>\n\t\t\t\t<div class=\"elementor-element elementor-element-8b17326 elementor-widget elementor-widget-wp-widget-recent-posts\" data-id=\"8b17326\" data-element_type=\"widget\" data-e-type=\"widget\" data-widget_type=\"wp-widget-recent-posts.default\">\n\t\t\t\t<div class=\"elementor-widget-container\">\n\t\t\t\t\t\n\t\t\n\t\t<h5>Articles r\u00e9cents<\/h5>\n\t\t<ul>\n\t\t\t\t\t\t\t\t\t\t\t<li>\n\t\t\t\t\t<a href=\"https:\/\/afpca.fr\/site\/avril-2026-journee-internationale-des-maladies-rares-2026\/\">Avril 2026 : Journ\u00e9e Internationale des Maladies rares 2026<\/a>\n\t\t\t\t\t\t\t\t\t<\/li>\n\t\t\t\t\t\t\t\t\t\t\t<li>\n\t\t\t\t\t<a href=\"https:\/\/afpca.fr\/site\/fevrier-2026-28-fevrier-journee-internationale-des-maladies-rares\/\">F\u00e9vrier 2026 : 28 f\u00e9vrier &#8211; journ\u00e9e internationale des maladies rares<\/a>\n\t\t\t\t\t\t\t\t\t<\/li>\n\t\t\t\t\t\t\t\t\t\t\t<li>\n\t\t\t\t\t<a href=\"https:\/\/afpca.fr\/site\/fevrier-2026-evaluation-de-la-qualite-de-vie-au-cours-de-la-polychondrite-chronique-atrophiante-rp-qol\/\">F\u00e9vrier 2026 : \u00c9valuation de la qualit\u00e9 de vie au cours de la Polychondrite Chronique Atrophiante (RP-QoL)<\/a>\n\t\t\t\t\t\t\t\t\t<\/li>\n\t\t\t\t\t\t\t\t\t\t\t<li>\n\t\t\t\t\t<a href=\"https:\/\/afpca.fr\/site\/novembre-2024-parcours-diagnostique-complexe-pour-la-pca\/\">Contenu restreint<\/a>\n\t\t\t\t\t\t\t\t\t<\/li>\n\t\t\t\t\t\t\t\t\t\t\t<li>\n\t\t\t\t\t<a href=\"https:\/\/afpca.fr\/site\/plan-national-maladies-4-2025-2030\/\">F\u00e9vrier 2025 : Plan national maladies rares 4 (2025-2030)<\/a>\n\t\t\t\t\t\t\t\t\t<\/li>\n\t\t\t\t\t\t\t\t\t\t\t<li>\n\t\t\t\t\t<a href=\"https:\/\/afpca.fr\/site\/les-feuillets\/\">Contenu restreint<\/a>\n\t\t\t\t\t\t\t\t\t<\/li>\n\t\t\t\t\t\t\t\t\t\t\t<li>\n\t\t\t\t\t<a href=\"https:\/\/afpca.fr\/site\/retour-sur-la-journee-tous-chercheurs-a-marseille\/\">Contenu restreint<\/a>\n\t\t\t\t\t\t\t\t\t<\/li>\n\t\t\t\t\t\t\t\t\t\t\t<li>\n\t\t\t\t\t<a href=\"https:\/\/afpca.fr\/site\/le-cout-reel-des-soins\/\">Octobre 2024 : Le co\u00fbt r\u00e9el des soins<\/a>\n\t\t\t\t\t\t\t\t\t<\/li>\n\t\t\t\t\t\t\t\t\t\t\t<li>\n\t\t\t\t\t<a href=\"https:\/\/afpca.fr\/site\/grand-maitre-de-la-commanderie-du-forez-des-anysetiers-pierre-gioia-nous-presente-quelques-unes-des-nombreuses-associations-caritatives-que-le-club-service-accompagne\/\">D\u00e9cembre 2024 : Grand ma\u00eetre de la commanderie du Forez des Anysetiers, Pierre Gioia, nous pr\u00e9sente quelques-unes des nombreuses associations caritatives que le club service accompagne<\/a>\n\t\t\t\t\t\t\t\t\t<\/li>\n\t\t\t\t\t\t\t\t\t\t\t<li>\n\t\t\t\t\t<a href=\"https:\/\/afpca.fr\/site\/giving-tuesday-le-3-decembre2024\/\">Giving Tuesday le 3 d\u00e9cembre2024<\/a>\n\t\t\t\t\t\t\t\t\t<\/li>\n\t\t\t\t\t<\/ul>\n\n\t\t\t\t\t\t<\/div>\n\t\t\t\t<\/div>\n\t\t\t\t<div class=\"elementor-element elementor-element-4bb4acb elementor-widget elementor-widget-wp-widget-archives\" data-id=\"4bb4acb\" data-element_type=\"widget\" data-e-type=\"widget\" data-widget_type=\"wp-widget-archives.default\">\n\t\t\t\t<div class=\"elementor-widget-container\">\n\t\t\t\t\t<h5>Archives<\/h5>\n\t\t\t<ul>\n\t\t\t\t\t<li><a href='https:\/\/afpca.fr\/site\/2026\/04\/'>avril 2026<\/a><\/li>\n\t<li><a href='https:\/\/afpca.fr\/site\/2026\/02\/'>f\u00e9vrier 2026<\/a><\/li>\n\t<li><a href='https:\/\/afpca.fr\/site\/2025\/03\/'>mars 2025<\/a><\/li>\n\t<li><a href='https:\/\/afpca.fr\/site\/2025\/01\/'>janvier 2025<\/a><\/li>\n\t<li><a href='https:\/\/afpca.fr\/site\/2024\/12\/'>d\u00e9cembre 2024<\/a><\/li>\n\t<li><a href='https:\/\/afpca.fr\/site\/2024\/10\/'>octobre 2024<\/a><\/li>\n\t<li><a href='https:\/\/afpca.fr\/site\/2024\/09\/'>septembre 2024<\/a><\/li>\n\t<li><a href='https:\/\/afpca.fr\/site\/2024\/06\/'>juin 2024<\/a><\/li>\n\t<li><a href='https:\/\/afpca.fr\/site\/2024\/05\/'>mai 2024<\/a><\/li>\n\t<li><a href='https:\/\/afpca.fr\/site\/2024\/04\/'>avril 2024<\/a><\/li>\n\t<li><a href='https:\/\/afpca.fr\/site\/2024\/03\/'>mars 2024<\/a><\/li>\n\t<li><a href='https:\/\/afpca.fr\/site\/2024\/02\/'>f\u00e9vrier 2024<\/a><\/li>\n\t<li><a href='https:\/\/afpca.fr\/site\/2024\/01\/'>janvier 2024<\/a><\/li>\n\t<li><a href='https:\/\/afpca.fr\/site\/2023\/12\/'>d\u00e9cembre 2023<\/a><\/li>\n\t<li><a href='https:\/\/afpca.fr\/site\/2023\/11\/'>novembre 2023<\/a><\/li>\n\t<li><a href='https:\/\/afpca.fr\/site\/2023\/07\/'>juillet 2023<\/a><\/li>\n\t<li><a href='https:\/\/afpca.fr\/site\/2023\/02\/'>f\u00e9vrier 2023<\/a><\/li>\n\t<li><a href='https:\/\/afpca.fr\/site\/2022\/11\/'>novembre 2022<\/a><\/li>\n\t<li><a href='https:\/\/afpca.fr\/site\/2022\/10\/'>octobre 2022<\/a><\/li>\n\t<li><a href='https:\/\/afpca.fr\/site\/2022\/09\/'>septembre 2022<\/a><\/li>\n\t<li><a href='https:\/\/afpca.fr\/site\/2022\/02\/'>f\u00e9vrier 2022<\/a><\/li>\n\t<li><a href='https:\/\/afpca.fr\/site\/2021\/12\/'>d\u00e9cembre 2021<\/a><\/li>\n\t<li><a href='https:\/\/afpca.fr\/site\/2021\/09\/'>septembre 2021<\/a><\/li>\n\t<li><a href='https:\/\/afpca.fr\/site\/2021\/08\/'>ao\u00fbt 2021<\/a><\/li>\n\t<li><a href='https:\/\/afpca.fr\/site\/2021\/07\/'>juillet 2021<\/a><\/li>\n\t<li><a href='https:\/\/afpca.fr\/site\/2021\/05\/'>mai 2021<\/a><\/li>\n\t<li><a href='https:\/\/afpca.fr\/site\/2021\/04\/'>avril 2021<\/a><\/li>\n\t<li><a href='https:\/\/afpca.fr\/site\/2021\/03\/'>mars 2021<\/a><\/li>\n\t<li><a href='https:\/\/afpca.fr\/site\/2020\/10\/'>octobre 2020<\/a><\/li>\n\t<li><a href='https:\/\/afpca.fr\/site\/2020\/07\/'>juillet 2020<\/a><\/li>\n\t\t\t<\/ul>\n\n\t\t\t\t\t\t\t<\/div>\n\t\t\t\t<\/div>\n\t\t\t\t\t<\/div>\n\t\t<\/div>\n\t\t\t\t\t<\/div>\n\t\t<\/section>\n\t\t\t\t<\/div>\n\t\t","protected":false},"excerpt":{"rendered":"<p>Cette page liste l&#8217;ensemble des liens vers les articles archiv\u00e9s sur le monde associatif autour des maladies rares et plus particuli\u00e8rement la polychondrite chronique atrophiante.\u00a0<\/p>\n","protected":false},"author":10,"featured_media":2919,"parent":0,"menu_order":0,"comment_status":"closed","ping_status":"closed","template":"","meta":{"footnotes":""},"class_list":["post-139","page","type-page","status-publish","has-post-thumbnail","hentry","post","post-with-thumbnail","post-with-thumbnail-large"],"yoast_head":"<!-- This site is optimized with the Yoast SEO plugin v27.4 - https:\/\/yoast.com\/product\/yoast-seo-wordpress\/ -->\n<title>actualit\u00e9s autour de la polychondrite<\/title>\n<meta name=\"description\" content=\"liste les archives des actualit\u00e9s li\u00e9es au monde associatif ou politique autour de la polychondrite chronique atrophiante\" \/>\n<meta name=\"robots\" content=\"index, follow, max-snippet:-1, max-image-preview:large, max-video-preview:-1\" \/>\n<link rel=\"canonical\" href=\"https:\/\/afpca.fr\/site\/actualites-autour-de-la-polychondrite\/\" \/>\n<meta property=\"og:locale\" content=\"fr_FR\" \/>\n<meta property=\"og:type\" content=\"article\" \/>\n<meta property=\"og:title\" content=\"actualit\u00e9s autour de la polychondrite\" \/>\n<meta property=\"og:description\" content=\"liste les archives des actualit\u00e9s li\u00e9es au monde associatif ou politique autour de la polychondrite chronique atrophiante\" \/>\n<meta property=\"og:url\" content=\"https:\/\/afpca.fr\/site\/actualites-autour-de-la-polychondrite\/\" \/>\n<meta property=\"og:site_name\" content=\"Association Francophone Contre La Polychondrite Chronique Atrophiante\" \/>\n<meta property=\"article:publisher\" content=\"https:\/\/www.facebook.com\/groups\/42710644010\" \/>\n<meta property=\"article:modified_time\" content=\"2024-05-07T09:39:44+00:00\" \/>\n<meta property=\"og:image\" content=\"https:\/\/afpca.fr\/site\/wp-content\/uploads\/2023\/12\/actus_archivees-1.png\" \/>\n\t<meta property=\"og:image:width\" content=\"397\" \/>\n\t<meta property=\"og:image:height\" content=\"275\" \/>\n\t<meta property=\"og:image:type\" content=\"image\/png\" \/>\n<meta name=\"twitter:card\" content=\"summary_large_image\" \/>\n<script type=\"application\/ld+json\" class=\"yoast-schema-graph\">{\"@context\":\"https:\\\/\\\/schema.org\",\"@graph\":[{\"@type\":\"WebPage\",\"@id\":\"https:\\\/\\\/afpca.fr\\\/site\\\/actualites-autour-de-la-polychondrite\\\/\",\"url\":\"https:\\\/\\\/afpca.fr\\\/site\\\/actualites-autour-de-la-polychondrite\\\/\",\"name\":\"actualit\u00e9s autour de la polychondrite\",\"isPartOf\":{\"@id\":\"https:\\\/\\\/afpca.fr\\\/site\\\/#website\"},\"primaryImageOfPage\":{\"@id\":\"https:\\\/\\\/afpca.fr\\\/site\\\/actualites-autour-de-la-polychondrite\\\/#primaryimage\"},\"image\":{\"@id\":\"https:\\\/\\\/afpca.fr\\\/site\\\/actualites-autour-de-la-polychondrite\\\/#primaryimage\"},\"thumbnailUrl\":\"https:\\\/\\\/afpca.fr\\\/site\\\/wp-content\\\/uploads\\\/2023\\\/12\\\/actus_archivees-1.png\",\"datePublished\":\"2021-03-11T13:07:45+00:00\",\"dateModified\":\"2024-05-07T09:39:44+00:00\",\"description\":\"liste les archives des actualit\u00e9s li\u00e9es au monde associatif ou politique autour de la polychondrite chronique atrophiante\",\"breadcrumb\":{\"@id\":\"https:\\\/\\\/afpca.fr\\\/site\\\/actualites-autour-de-la-polychondrite\\\/#breadcrumb\"},\"inLanguage\":\"fr-FR\",\"potentialAction\":[{\"@type\":\"ReadAction\",\"target\":[\"https:\\\/\\\/afpca.fr\\\/site\\\/actualites-autour-de-la-polychondrite\\\/\"]}]},{\"@type\":\"ImageObject\",\"inLanguage\":\"fr-FR\",\"@id\":\"https:\\\/\\\/afpca.fr\\\/site\\\/actualites-autour-de-la-polychondrite\\\/#primaryimage\",\"url\":\"https:\\\/\\\/afpca.fr\\\/site\\\/wp-content\\\/uploads\\\/2023\\\/12\\\/actus_archivees-1.png\",\"contentUrl\":\"https:\\\/\\\/afpca.fr\\\/site\\\/wp-content\\\/uploads\\\/2023\\\/12\\\/actus_archivees-1.png\",\"width\":397,\"height\":275},{\"@type\":\"BreadcrumbList\",\"@id\":\"https:\\\/\\\/afpca.fr\\\/site\\\/actualites-autour-de-la-polychondrite\\\/#breadcrumb\",\"itemListElement\":[{\"@type\":\"ListItem\",\"position\":1,\"name\":\"Accueil\",\"item\":\"https:\\\/\\\/afpca.fr\\\/site\\\/\"},{\"@type\":\"ListItem\",\"position\":2,\"name\":\"Actualit\u00e9s\"}]},{\"@type\":\"WebSite\",\"@id\":\"https:\\\/\\\/afpca.fr\\\/site\\\/#website\",\"url\":\"https:\\\/\\\/afpca.fr\\\/site\\\/\",\"name\":\"Association Francophone Contre La Polychondrite Chronique Atrophiante\",\"description\":\"Association Francophone Contre La Polychondrite Chronique Atrophiante\",\"publisher\":{\"@id\":\"https:\\\/\\\/afpca.fr\\\/site\\\/#organization\"},\"potentialAction\":[{\"@type\":\"SearchAction\",\"target\":{\"@type\":\"EntryPoint\",\"urlTemplate\":\"https:\\\/\\\/afpca.fr\\\/site\\\/?s={search_term_string}\"},\"query-input\":{\"@type\":\"PropertyValueSpecification\",\"valueRequired\":true,\"valueName\":\"search_term_string\"}}],\"inLanguage\":\"fr-FR\"},{\"@type\":\"Organization\",\"@id\":\"https:\\\/\\\/afpca.fr\\\/site\\\/#organization\",\"name\":\"Association Francophone Contre La Polychondrite Chronique Atrophiante\",\"url\":\"https:\\\/\\\/afpca.fr\\\/site\\\/\",\"logo\":{\"@type\":\"ImageObject\",\"inLanguage\":\"fr-FR\",\"@id\":\"https:\\\/\\\/afpca.fr\\\/site\\\/#\\\/schema\\\/logo\\\/image\\\/\",\"url\":\"https:\\\/\\\/afpca.fr\\\/site\\\/wp-content\\\/uploads\\\/2023\\\/05\\\/LOGO_afpca.png\",\"contentUrl\":\"https:\\\/\\\/afpca.fr\\\/site\\\/wp-content\\\/uploads\\\/2023\\\/05\\\/LOGO_afpca.png\",\"width\":184,\"height\":184,\"caption\":\"Association Francophone Contre La Polychondrite Chronique Atrophiante\"},\"image\":{\"@id\":\"https:\\\/\\\/afpca.fr\\\/site\\\/#\\\/schema\\\/logo\\\/image\\\/\"},\"sameAs\":[\"https:\\\/\\\/www.facebook.com\\\/groups\\\/42710644010\"]}]}<\/script>\n<!-- \/ Yoast SEO plugin. -->","yoast_head_json":{"title":"actualit\u00e9s autour de la polychondrite","description":"liste les archives des actualit\u00e9s li\u00e9es au monde associatif ou politique autour de la polychondrite chronique atrophiante","robots":{"index":"index","follow":"follow","max-snippet":"max-snippet:-1","max-image-preview":"max-image-preview:large","max-video-preview":"max-video-preview:-1"},"canonical":"https:\/\/afpca.fr\/site\/actualites-autour-de-la-polychondrite\/","og_locale":"fr_FR","og_type":"article","og_title":"actualit\u00e9s autour de la polychondrite","og_description":"liste les archives des actualit\u00e9s li\u00e9es au monde associatif ou politique autour de la polychondrite chronique atrophiante","og_url":"https:\/\/afpca.fr\/site\/actualites-autour-de-la-polychondrite\/","og_site_name":"Association Francophone Contre La Polychondrite Chronique Atrophiante","article_publisher":"https:\/\/www.facebook.com\/groups\/42710644010","article_modified_time":"2024-05-07T09:39:44+00:00","og_image":[{"width":397,"height":275,"url":"https:\/\/afpca.fr\/site\/wp-content\/uploads\/2023\/12\/actus_archivees-1.png","type":"image\/png"}],"twitter_card":"summary_large_image","schema":{"@context":"https:\/\/schema.org","@graph":[{"@type":"WebPage","@id":"https:\/\/afpca.fr\/site\/actualites-autour-de-la-polychondrite\/","url":"https:\/\/afpca.fr\/site\/actualites-autour-de-la-polychondrite\/","name":"actualit\u00e9s autour de la polychondrite","isPartOf":{"@id":"https:\/\/afpca.fr\/site\/#website"},"primaryImageOfPage":{"@id":"https:\/\/afpca.fr\/site\/actualites-autour-de-la-polychondrite\/#primaryimage"},"image":{"@id":"https:\/\/afpca.fr\/site\/actualites-autour-de-la-polychondrite\/#primaryimage"},"thumbnailUrl":"https:\/\/afpca.fr\/site\/wp-content\/uploads\/2023\/12\/actus_archivees-1.png","datePublished":"2021-03-11T13:07:45+00:00","dateModified":"2024-05-07T09:39:44+00:00","description":"liste les archives des actualit\u00e9s li\u00e9es au monde associatif ou politique autour de la polychondrite chronique atrophiante","breadcrumb":{"@id":"https:\/\/afpca.fr\/site\/actualites-autour-de-la-polychondrite\/#breadcrumb"},"inLanguage":"fr-FR","potentialAction":[{"@type":"ReadAction","target":["https:\/\/afpca.fr\/site\/actualites-autour-de-la-polychondrite\/"]}]},{"@type":"ImageObject","inLanguage":"fr-FR","@id":"https:\/\/afpca.fr\/site\/actualites-autour-de-la-polychondrite\/#primaryimage","url":"https:\/\/afpca.fr\/site\/wp-content\/uploads\/2023\/12\/actus_archivees-1.png","contentUrl":"https:\/\/afpca.fr\/site\/wp-content\/uploads\/2023\/12\/actus_archivees-1.png","width":397,"height":275},{"@type":"BreadcrumbList","@id":"https:\/\/afpca.fr\/site\/actualites-autour-de-la-polychondrite\/#breadcrumb","itemListElement":[{"@type":"ListItem","position":1,"name":"Accueil","item":"https:\/\/afpca.fr\/site\/"},{"@type":"ListItem","position":2,"name":"Actualit\u00e9s"}]},{"@type":"WebSite","@id":"https:\/\/afpca.fr\/site\/#website","url":"https:\/\/afpca.fr\/site\/","name":"Association Francophone Contre La Polychondrite Chronique Atrophiante","description":"Association Francophone Contre La Polychondrite Chronique Atrophiante","publisher":{"@id":"https:\/\/afpca.fr\/site\/#organization"},"potentialAction":[{"@type":"SearchAction","target":{"@type":"EntryPoint","urlTemplate":"https:\/\/afpca.fr\/site\/?s={search_term_string}"},"query-input":{"@type":"PropertyValueSpecification","valueRequired":true,"valueName":"search_term_string"}}],"inLanguage":"fr-FR"},{"@type":"Organization","@id":"https:\/\/afpca.fr\/site\/#organization","name":"Association Francophone Contre La Polychondrite Chronique Atrophiante","url":"https:\/\/afpca.fr\/site\/","logo":{"@type":"ImageObject","inLanguage":"fr-FR","@id":"https:\/\/afpca.fr\/site\/#\/schema\/logo\/image\/","url":"https:\/\/afpca.fr\/site\/wp-content\/uploads\/2023\/05\/LOGO_afpca.png","contentUrl":"https:\/\/afpca.fr\/site\/wp-content\/uploads\/2023\/05\/LOGO_afpca.png","width":184,"height":184,"caption":"Association Francophone Contre La Polychondrite Chronique Atrophiante"},"image":{"@id":"https:\/\/afpca.fr\/site\/#\/schema\/logo\/image\/"},"sameAs":["https:\/\/www.facebook.com\/groups\/42710644010"]}]}},"_links":{"self":[{"href":"https:\/\/afpca.fr\/site\/wp-json\/wp\/v2\/pages\/139","targetHints":{"allow":["GET"]}}],"collection":[{"href":"https:\/\/afpca.fr\/site\/wp-json\/wp\/v2\/pages"}],"about":[{"href":"https:\/\/afpca.fr\/site\/wp-json\/wp\/v2\/types\/page"}],"author":[{"embeddable":true,"href":"https:\/\/afpca.fr\/site\/wp-json\/wp\/v2\/users\/10"}],"replies":[{"embeddable":true,"href":"https:\/\/afpca.fr\/site\/wp-json\/wp\/v2\/comments?post=139"}],"version-history":[{"count":4,"href":"https:\/\/afpca.fr\/site\/wp-json\/wp\/v2\/pages\/139\/revisions"}],"predecessor-version":[{"id":3733,"href":"https:\/\/afpca.fr\/site\/wp-json\/wp\/v2\/pages\/139\/revisions\/3733"}],"wp:featuredmedia":[{"embeddable":true,"href":"https:\/\/afpca.fr\/site\/wp-json\/wp\/v2\/media\/2919"}],"wp:attachment":[{"href":"https:\/\/afpca.fr\/site\/wp-json\/wp\/v2\/media?parent=139"}],"curies":[{"name":"wp","href":"https:\/\/api.w.org\/{rel}","templated":true}]}}