{"id":2392,"date":"2022-11-12T09:57:55","date_gmt":"2022-11-12T08:57:55","guid":{"rendered":"https:\/\/afpca.fr\/site\/?page_id=2392"},"modified":"2024-05-07T13:22:20","modified_gmt":"2024-05-07T11:22:20","slug":"mailling","status":"publish","type":"page","link":"https:\/\/afpca.fr\/site\/mailling\/","title":{"rendered":"Mailing"},"content":{"rendered":"\t\t<div data-elementor-type=\"wp-page\" data-elementor-id=\"2392\" class=\"elementor elementor-2392\">\n\t\t\t\t\t\t<section class=\"elementor-section elementor-top-section elementor-element elementor-element-0a5d6a0 elementor-section-boxed elementor-section-height-default elementor-section-height-default\" data-id=\"0a5d6a0\" data-element_type=\"section\" data-e-type=\"section\">\n\t\t\t\t\t\t<div class=\"elementor-container elementor-column-gap-default\">\n\t\t\t\t\t<div class=\"elementor-column elementor-col-100 elementor-top-column elementor-element elementor-element-83f56e3\" data-id=\"83f56e3\" data-element_type=\"column\" data-e-type=\"column\">\n\t\t\t<div class=\"elementor-widget-wrap elementor-element-populated\">\n\t\t\t\t\t\t<div class=\"elementor-element elementor-element-e895708 elementor-widget elementor-widget-text-editor\" data-id=\"e895708\" data-element_type=\"widget\" data-e-type=\"widget\" data-widget_type=\"text-editor.default\">\n\t\t\t\t<div class=\"elementor-widget-container\">\n\t\t\t\t\t\t\t\t\t<p><strong>Pourquoi adh\u00e9rer\u00a0\u00e0 l\u2019AFPCA ?<\/strong><\/p><ul><li>Pour notre communaut\u00e9, afin que vous enrichissiez l\u2019audience de notre association face aux combats \u00e0 mener\u00a0;<\/li><li>Pour vous-m\u00eame, afin que vous puissiez trouver du soutien, t\u00e9moigner de votre exp\u00e9rience, de votre v\u00e9cu, \u00e9changer avec d\u2019autres malades\u00a0;<\/li><li>Pour pouvoir participer \u00e0 l\u2019assembl\u00e9e g\u00e9n\u00e9rale annuelle avec les pr\u00e9rogatives qui s\u2019y rattachent.<\/li><\/ul><p>Vous aurez ainsi acc\u00e8s \u00e0 l\u2019int\u00e9gralit\u00e9 du site de l\u2019association sur lequel vous trouverez un forum d\u2019\u00e9change, les derniers articles m\u00e9dicaux parus dans la presse sp\u00e9cialis\u00e9e, des interventions de professionnels s\u2019int\u00e9ressant \u00e0 la PCA, des informations sur les centres de comp\u00e9tences et de r\u00e9f\u00e9rences de l\u2019ensemble du territoire. Vous pourrez suivre \u00e9galement les actualit\u00e9s de notre Conseil Scientifique compos\u00e9 d\u2019\u00e9minents praticiens.<\/p><p>Vous serez destinataires de nos feuillets p\u00e9riodiques comportant les derni\u00e8res actualit\u00e9s relatives \u00e0 la maladie.<\/p><p><strong>\u00c0 quoi sert votre cotisation\u00a0?<\/strong><\/p><p>La cotisation reste fix\u00e9e \u00e0 30 \u20ac et est d\u00e9ductible des imp\u00f4ts \u00e0 hauteur de 66 % de son montant. Si un <strong>don suppl\u00e9mentaire<\/strong> est effectu\u00e9, il b\u00e9n\u00e9ficie de la m\u00eame d\u00e9duction (attestation fournie par l\u2019association).<\/p><p>Les <strong>cotisations et les dons <\/strong>permettent de contribuer au financement de la recherche -pour plus de 90 % de notre budget- les 10 % restants permettant de couvrir les frais de gestion courante.<\/p><p><strong>Comment acquitter sa cotisation\u00a0et\/ou faire don :<\/strong><\/p><ul><li>De pr\u00e9f\u00e9rence via Hello Association <a href=\"https:\/\/afpca.fr\/site\/adhesion\/\">https:\/\/afpca.fr\/site\/adhesion\/<\/a> \u00a0ou\/et\u00a0<\/li><li>Par ch\u00e8que \u00e0 l\u2019ordre de L\u2019AFPCA \u00e0 envoyer \u00e0 AFPCA chez Monsieur Denis L\u2019ANGE<strong> &#8211; <\/strong>Talvern-\u00a056690 Nostang<\/li><\/ul>\t\t\t\t\t\t\t\t<\/div>\n\t\t\t\t<\/div>\n\t\t\t\t\t<\/div>\n\t\t<\/div>\n\t\t\t\t\t<\/div>\n\t\t<\/section>\n\t\t\t\t<section class=\"elementor-section elementor-top-section elementor-element elementor-element-4605696 elementor-section-boxed elementor-section-height-default elementor-section-height-default\" data-id=\"4605696\" data-element_type=\"section\" data-e-type=\"section\">\n\t\t\t\t\t\t<div class=\"elementor-container elementor-column-gap-default\">\n\t\t\t\t\t<div class=\"elementor-column elementor-col-100 elementor-top-column elementor-element elementor-element-23f4481\" data-id=\"23f4481\" data-element_type=\"column\" data-e-type=\"column\">\n\t\t\t<div class=\"elementor-widget-wrap\">\n\t\t\t\t\t\t\t<\/div>\n\t\t<\/div>\n\t\t\t\t\t<\/div>\n\t\t<\/section>\n\t\t\t\t<\/div>\n\t\t","protected":false},"excerpt":{"rendered":"<p>Pourquoi adh\u00e9rer\u00a0\u00e0 l\u2019AFPCA ? Pour notre communaut\u00e9, afin que vous enrichissiez l\u2019audience de notre association face aux combats \u00e0 mener\u00a0; Pour vous-m\u00eame, afin que vous puissiez trouver du soutien, t\u00e9moigner de votre exp\u00e9rience, de votre v\u00e9cu, \u00e9changer avec d\u2019autres malades\u00a0; Pour pouvoir participer \u00e0 l\u2019assembl\u00e9e g\u00e9n\u00e9rale annuelle avec les pr\u00e9rogatives qui s\u2019y rattachent. Vous aurez [&hellip;]<\/p>\n","protected":false},"author":10,"featured_media":1448,"parent":0,"menu_order":0,"comment_status":"closed","ping_status":"closed","template":"","meta":{"footnotes":""},"class_list":["post-2392","page","type-page","status-publish","has-post-thumbnail","hentry","post","post-with-thumbnail","post-with-thumbnail-large"],"yoast_head":"<!-- This site is optimized with the Yoast SEO plugin v27.5 - https:\/\/yoast.com\/product\/yoast-seo-wordpress\/ -->\n<title>Mailing - Association Francophone Contre La Polychondrite Chronique Atrophiante<\/title>\n<meta name=\"description\" content=\"Vous serez destinataires de nos feuillets p\u00e9riodiques comportant les derni\u00e8res actualit\u00e9s relatives \u00e0 la maladie.\" \/>\n<meta name=\"robots\" content=\"index, follow, max-snippet:-1, max-image-preview:large, max-video-preview:-1\" \/>\n<link rel=\"canonical\" href=\"https:\/\/afpca.fr\/site\/mailling\/\" \/>\n<meta property=\"og:locale\" content=\"fr_FR\" \/>\n<meta property=\"og:type\" content=\"article\" \/>\n<meta property=\"og:title\" content=\"Mailing - Association Francophone Contre La Polychondrite Chronique Atrophiante\" \/>\n<meta property=\"og:description\" content=\"Vous serez destinataires de nos feuillets p\u00e9riodiques comportant les derni\u00e8res actualit\u00e9s relatives \u00e0 la maladie.\" \/>\n<meta property=\"og:url\" content=\"https:\/\/afpca.fr\/site\/mailling\/\" \/>\n<meta property=\"og:site_name\" content=\"Association Francophone Contre La Polychondrite Chronique Atrophiante\" \/>\n<meta property=\"article:publisher\" content=\"https:\/\/www.facebook.com\/groups\/42710644010\" \/>\n<meta property=\"article:modified_time\" content=\"2024-05-07T11:22:20+00:00\" \/>\n<meta property=\"og:image\" content=\"https:\/\/afpca.fr\/site\/wp-content\/uploads\/2021\/03\/balloons-4111586_1280.png\" \/>\n\t<meta property=\"og:image:width\" content=\"1280\" \/>\n\t<meta property=\"og:image:height\" content=\"853\" \/>\n\t<meta property=\"og:image:type\" content=\"image\/png\" \/>\n<meta name=\"twitter:card\" content=\"summary_large_image\" \/>\n<meta name=\"twitter:label1\" content=\"Dur\u00e9e de lecture estim\u00e9e\" \/>\n\t<meta name=\"twitter:data1\" content=\"1 minute\" \/>\n<script type=\"application\/ld+json\" class=\"yoast-schema-graph\">{\"@context\":\"https:\\\/\\\/schema.org\",\"@graph\":[{\"@type\":\"Article\",\"@id\":\"https:\\\/\\\/afpca.fr\\\/site\\\/mailling\\\/#article\",\"isPartOf\":{\"@id\":\"https:\\\/\\\/afpca.fr\\\/site\\\/mailling\\\/\"},\"author\":{\"name\":\"webmaster_afpca\",\"@id\":\"https:\\\/\\\/afpca.fr\\\/site\\\/#\\\/schema\\\/person\\\/51c98554e1e9914c58daecf2d0e9822e\"},\"headline\":\"Mailing\",\"datePublished\":\"2022-11-12T08:57:55+00:00\",\"dateModified\":\"2024-05-07T11:22:20+00:00\",\"mainEntityOfPage\":{\"@id\":\"https:\\\/\\\/afpca.fr\\\/site\\\/mailling\\\/\"},\"wordCount\":269,\"publisher\":{\"@id\":\"https:\\\/\\\/afpca.fr\\\/site\\\/#organization\"},\"image\":{\"@id\":\"https:\\\/\\\/afpca.fr\\\/site\\\/mailling\\\/#primaryimage\"},\"thumbnailUrl\":\"https:\\\/\\\/afpca.fr\\\/site\\\/wp-content\\\/uploads\\\/2021\\\/03\\\/balloons-4111586_1280.png\",\"inLanguage\":\"fr-FR\"},{\"@type\":[\"WebPage\",\"ContactPage\"],\"@id\":\"https:\\\/\\\/afpca.fr\\\/site\\\/mailling\\\/\",\"url\":\"https:\\\/\\\/afpca.fr\\\/site\\\/mailling\\\/\",\"name\":\"Mailing - Association Francophone Contre La Polychondrite Chronique Atrophiante\",\"isPartOf\":{\"@id\":\"https:\\\/\\\/afpca.fr\\\/site\\\/#website\"},\"primaryImageOfPage\":{\"@id\":\"https:\\\/\\\/afpca.fr\\\/site\\\/mailling\\\/#primaryimage\"},\"image\":{\"@id\":\"https:\\\/\\\/afpca.fr\\\/site\\\/mailling\\\/#primaryimage\"},\"thumbnailUrl\":\"https:\\\/\\\/afpca.fr\\\/site\\\/wp-content\\\/uploads\\\/2021\\\/03\\\/balloons-4111586_1280.png\",\"datePublished\":\"2022-11-12T08:57:55+00:00\",\"dateModified\":\"2024-05-07T11:22:20+00:00\",\"description\":\"Vous serez destinataires de nos feuillets p\u00e9riodiques comportant les derni\u00e8res actualit\u00e9s relatives \u00e0 la maladie.\",\"breadcrumb\":{\"@id\":\"https:\\\/\\\/afpca.fr\\\/site\\\/mailling\\\/#breadcrumb\"},\"inLanguage\":\"fr-FR\",\"potentialAction\":[{\"@type\":\"ReadAction\",\"target\":[\"https:\\\/\\\/afpca.fr\\\/site\\\/mailling\\\/\"]}]},{\"@type\":\"ImageObject\",\"inLanguage\":\"fr-FR\",\"@id\":\"https:\\\/\\\/afpca.fr\\\/site\\\/mailling\\\/#primaryimage\",\"url\":\"https:\\\/\\\/afpca.fr\\\/site\\\/wp-content\\\/uploads\\\/2021\\\/03\\\/balloons-4111586_1280.png\",\"contentUrl\":\"https:\\\/\\\/afpca.fr\\\/site\\\/wp-content\\\/uploads\\\/2021\\\/03\\\/balloons-4111586_1280.png\",\"width\":1280,\"height\":853},{\"@type\":\"BreadcrumbList\",\"@id\":\"https:\\\/\\\/afpca.fr\\\/site\\\/mailling\\\/#breadcrumb\",\"itemListElement\":[{\"@type\":\"ListItem\",\"position\":1,\"name\":\"Accueil\",\"item\":\"https:\\\/\\\/afpca.fr\\\/site\\\/\"},{\"@type\":\"ListItem\",\"position\":2,\"name\":\"Mailing\"}]},{\"@type\":\"WebSite\",\"@id\":\"https:\\\/\\\/afpca.fr\\\/site\\\/#website\",\"url\":\"https:\\\/\\\/afpca.fr\\\/site\\\/\",\"name\":\"Association Francophone Contre La Polychondrite Chronique Atrophiante\",\"description\":\"Association Francophone Contre La Polychondrite Chronique Atrophiante\",\"publisher\":{\"@id\":\"https:\\\/\\\/afpca.fr\\\/site\\\/#organization\"},\"potentialAction\":[{\"@type\":\"SearchAction\",\"target\":{\"@type\":\"EntryPoint\",\"urlTemplate\":\"https:\\\/\\\/afpca.fr\\\/site\\\/?s={search_term_string}\"},\"query-input\":{\"@type\":\"PropertyValueSpecification\",\"valueRequired\":true,\"valueName\":\"search_term_string\"}}],\"inLanguage\":\"fr-FR\"},{\"@type\":\"Organization\",\"@id\":\"https:\\\/\\\/afpca.fr\\\/site\\\/#organization\",\"name\":\"Association Francophone Contre La Polychondrite Chronique Atrophiante\",\"url\":\"https:\\\/\\\/afpca.fr\\\/site\\\/\",\"logo\":{\"@type\":\"ImageObject\",\"inLanguage\":\"fr-FR\",\"@id\":\"https:\\\/\\\/afpca.fr\\\/site\\\/#\\\/schema\\\/logo\\\/image\\\/\",\"url\":\"https:\\\/\\\/afpca.fr\\\/site\\\/wp-content\\\/uploads\\\/2023\\\/05\\\/LOGO_afpca.png\",\"contentUrl\":\"https:\\\/\\\/afpca.fr\\\/site\\\/wp-content\\\/uploads\\\/2023\\\/05\\\/LOGO_afpca.png\",\"width\":184,\"height\":184,\"caption\":\"Association Francophone Contre La Polychondrite Chronique Atrophiante\"},\"image\":{\"@id\":\"https:\\\/\\\/afpca.fr\\\/site\\\/#\\\/schema\\\/logo\\\/image\\\/\"},\"sameAs\":[\"https:\\\/\\\/www.facebook.com\\\/groups\\\/42710644010\"]},{\"@type\":\"Person\",\"@id\":\"https:\\\/\\\/afpca.fr\\\/site\\\/#\\\/schema\\\/person\\\/51c98554e1e9914c58daecf2d0e9822e\",\"name\":\"webmaster_afpca\",\"image\":{\"@type\":\"ImageObject\",\"inLanguage\":\"fr-FR\",\"@id\":\"https:\\\/\\\/secure.gravatar.com\\\/avatar\\\/8ceed7420502a29ef58778714f74aee5826a58566284b1b505f52207bb7285a5?s=96&d=mm&r=g\",\"url\":\"https:\\\/\\\/secure.gravatar.com\\\/avatar\\\/8ceed7420502a29ef58778714f74aee5826a58566284b1b505f52207bb7285a5?s=96&d=mm&r=g\",\"contentUrl\":\"https:\\\/\\\/secure.gravatar.com\\\/avatar\\\/8ceed7420502a29ef58778714f74aee5826a58566284b1b505f52207bb7285a5?s=96&d=mm&r=g\",\"caption\":\"webmaster_afpca\"},\"url\":\"https:\\\/\\\/afpca.fr\\\/site\\\/author\\\/webmaster_afpca\\\/\"}]}<\/script>\n<!-- \/ Yoast SEO plugin. -->","yoast_head_json":{"title":"Mailing - Association Francophone Contre La Polychondrite Chronique Atrophiante","description":"Vous serez destinataires de nos feuillets p\u00e9riodiques comportant les derni\u00e8res actualit\u00e9s relatives \u00e0 la maladie.","robots":{"index":"index","follow":"follow","max-snippet":"max-snippet:-1","max-image-preview":"max-image-preview:large","max-video-preview":"max-video-preview:-1"},"canonical":"https:\/\/afpca.fr\/site\/mailling\/","og_locale":"fr_FR","og_type":"article","og_title":"Mailing - Association Francophone Contre La Polychondrite Chronique Atrophiante","og_description":"Vous serez destinataires de nos feuillets p\u00e9riodiques comportant les derni\u00e8res actualit\u00e9s relatives \u00e0 la maladie.","og_url":"https:\/\/afpca.fr\/site\/mailling\/","og_site_name":"Association Francophone Contre La Polychondrite Chronique Atrophiante","article_publisher":"https:\/\/www.facebook.com\/groups\/42710644010","article_modified_time":"2024-05-07T11:22:20+00:00","og_image":[{"width":1280,"height":853,"url":"https:\/\/afpca.fr\/site\/wp-content\/uploads\/2021\/03\/balloons-4111586_1280.png","type":"image\/png"}],"twitter_card":"summary_large_image","twitter_misc":{"Dur\u00e9e de lecture estim\u00e9e":"1 minute"},"schema":{"@context":"https:\/\/schema.org","@graph":[{"@type":"Article","@id":"https:\/\/afpca.fr\/site\/mailling\/#article","isPartOf":{"@id":"https:\/\/afpca.fr\/site\/mailling\/"},"author":{"name":"webmaster_afpca","@id":"https:\/\/afpca.fr\/site\/#\/schema\/person\/51c98554e1e9914c58daecf2d0e9822e"},"headline":"Mailing","datePublished":"2022-11-12T08:57:55+00:00","dateModified":"2024-05-07T11:22:20+00:00","mainEntityOfPage":{"@id":"https:\/\/afpca.fr\/site\/mailling\/"},"wordCount":269,"publisher":{"@id":"https:\/\/afpca.fr\/site\/#organization"},"image":{"@id":"https:\/\/afpca.fr\/site\/mailling\/#primaryimage"},"thumbnailUrl":"https:\/\/afpca.fr\/site\/wp-content\/uploads\/2021\/03\/balloons-4111586_1280.png","inLanguage":"fr-FR"},{"@type":["WebPage","ContactPage"],"@id":"https:\/\/afpca.fr\/site\/mailling\/","url":"https:\/\/afpca.fr\/site\/mailling\/","name":"Mailing - Association Francophone Contre La Polychondrite Chronique Atrophiante","isPartOf":{"@id":"https:\/\/afpca.fr\/site\/#website"},"primaryImageOfPage":{"@id":"https:\/\/afpca.fr\/site\/mailling\/#primaryimage"},"image":{"@id":"https:\/\/afpca.fr\/site\/mailling\/#primaryimage"},"thumbnailUrl":"https:\/\/afpca.fr\/site\/wp-content\/uploads\/2021\/03\/balloons-4111586_1280.png","datePublished":"2022-11-12T08:57:55+00:00","dateModified":"2024-05-07T11:22:20+00:00","description":"Vous serez destinataires de nos feuillets p\u00e9riodiques comportant les derni\u00e8res actualit\u00e9s relatives \u00e0 la maladie.","breadcrumb":{"@id":"https:\/\/afpca.fr\/site\/mailling\/#breadcrumb"},"inLanguage":"fr-FR","potentialAction":[{"@type":"ReadAction","target":["https:\/\/afpca.fr\/site\/mailling\/"]}]},{"@type":"ImageObject","inLanguage":"fr-FR","@id":"https:\/\/afpca.fr\/site\/mailling\/#primaryimage","url":"https:\/\/afpca.fr\/site\/wp-content\/uploads\/2021\/03\/balloons-4111586_1280.png","contentUrl":"https:\/\/afpca.fr\/site\/wp-content\/uploads\/2021\/03\/balloons-4111586_1280.png","width":1280,"height":853},{"@type":"BreadcrumbList","@id":"https:\/\/afpca.fr\/site\/mailling\/#breadcrumb","itemListElement":[{"@type":"ListItem","position":1,"name":"Accueil","item":"https:\/\/afpca.fr\/site\/"},{"@type":"ListItem","position":2,"name":"Mailing"}]},{"@type":"WebSite","@id":"https:\/\/afpca.fr\/site\/#website","url":"https:\/\/afpca.fr\/site\/","name":"Association Francophone Contre La Polychondrite Chronique Atrophiante","description":"Association Francophone Contre La Polychondrite Chronique Atrophiante","publisher":{"@id":"https:\/\/afpca.fr\/site\/#organization"},"potentialAction":[{"@type":"SearchAction","target":{"@type":"EntryPoint","urlTemplate":"https:\/\/afpca.fr\/site\/?s={search_term_string}"},"query-input":{"@type":"PropertyValueSpecification","valueRequired":true,"valueName":"search_term_string"}}],"inLanguage":"fr-FR"},{"@type":"Organization","@id":"https:\/\/afpca.fr\/site\/#organization","name":"Association Francophone Contre La Polychondrite Chronique Atrophiante","url":"https:\/\/afpca.fr\/site\/","logo":{"@type":"ImageObject","inLanguage":"fr-FR","@id":"https:\/\/afpca.fr\/site\/#\/schema\/logo\/image\/","url":"https:\/\/afpca.fr\/site\/wp-content\/uploads\/2023\/05\/LOGO_afpca.png","contentUrl":"https:\/\/afpca.fr\/site\/wp-content\/uploads\/2023\/05\/LOGO_afpca.png","width":184,"height":184,"caption":"Association Francophone Contre La Polychondrite Chronique Atrophiante"},"image":{"@id":"https:\/\/afpca.fr\/site\/#\/schema\/logo\/image\/"},"sameAs":["https:\/\/www.facebook.com\/groups\/42710644010"]},{"@type":"Person","@id":"https:\/\/afpca.fr\/site\/#\/schema\/person\/51c98554e1e9914c58daecf2d0e9822e","name":"webmaster_afpca","image":{"@type":"ImageObject","inLanguage":"fr-FR","@id":"https:\/\/secure.gravatar.com\/avatar\/8ceed7420502a29ef58778714f74aee5826a58566284b1b505f52207bb7285a5?s=96&d=mm&r=g","url":"https:\/\/secure.gravatar.com\/avatar\/8ceed7420502a29ef58778714f74aee5826a58566284b1b505f52207bb7285a5?s=96&d=mm&r=g","contentUrl":"https:\/\/secure.gravatar.com\/avatar\/8ceed7420502a29ef58778714f74aee5826a58566284b1b505f52207bb7285a5?s=96&d=mm&r=g","caption":"webmaster_afpca"},"url":"https:\/\/afpca.fr\/site\/author\/webmaster_afpca\/"}]}},"_links":{"self":[{"href":"https:\/\/afpca.fr\/site\/wp-json\/wp\/v2\/pages\/2392","targetHints":{"allow":["GET"]}}],"collection":[{"href":"https:\/\/afpca.fr\/site\/wp-json\/wp\/v2\/pages"}],"about":[{"href":"https:\/\/afpca.fr\/site\/wp-json\/wp\/v2\/types\/page"}],"author":[{"embeddable":true,"href":"https:\/\/afpca.fr\/site\/wp-json\/wp\/v2\/users\/10"}],"replies":[{"embeddable":true,"href":"https:\/\/afpca.fr\/site\/wp-json\/wp\/v2\/comments?post=2392"}],"version-history":[{"count":1,"href":"https:\/\/afpca.fr\/site\/wp-json\/wp\/v2\/pages\/2392\/revisions"}],"predecessor-version":[{"id":3805,"href":"https:\/\/afpca.fr\/site\/wp-json\/wp\/v2\/pages\/2392\/revisions\/3805"}],"wp:featuredmedia":[{"embeddable":true,"href":"https:\/\/afpca.fr\/site\/wp-json\/wp\/v2\/media\/1448"}],"wp:attachment":[{"href":"https:\/\/afpca.fr\/site\/wp-json\/wp\/v2\/media?parent=2392"}],"curies":[{"name":"wp","href":"https:\/\/api.w.org\/{rel}","templated":true}]}}