{"id":274,"date":"2021-03-11T14:13:46","date_gmt":"2021-03-11T13:13:46","guid":{"rendered":"http:\/\/afpcahome\/site\/?page_id=274"},"modified":"2025-03-10T18:57:21","modified_gmt":"2025-03-10T17:57:21","slug":"traitements","status":"publish","type":"page","link":"https:\/\/afpca.fr\/site\/traitements\/","title":{"rendered":"Traitements"},"content":{"rendered":"\t\t<div data-elementor-type=\"wp-page\" data-elementor-id=\"274\" class=\"elementor elementor-274\">\n\t\t\t\t\t\t<section class=\"elementor-section elementor-top-section elementor-element elementor-element-aa9bc78 elementor-section-boxed elementor-section-height-default elementor-section-height-default\" data-id=\"aa9bc78\" data-element_type=\"section\" data-e-type=\"section\">\n\t\t\t\t\t\t<div class=\"elementor-container elementor-column-gap-default\">\n\t\t\t\t\t<div class=\"elementor-column elementor-col-100 elementor-top-column elementor-element elementor-element-22c118c\" data-id=\"22c118c\" data-element_type=\"column\" data-e-type=\"column\">\n\t\t\t<div class=\"elementor-widget-wrap elementor-element-populated\">\n\t\t\t\t\t\t<div class=\"elementor-element elementor-element-5a35ce6 elementor-widget elementor-widget-text-editor\" data-id=\"5a35ce6\" data-element_type=\"widget\" data-e-type=\"widget\" data-widget_type=\"text-editor.default\">\n\t\t\t\t<div class=\"elementor-widget-container\">\n\t\t\t\t\t\t\t\t\t<p><span style=\"font-style: normal; caret-color: #000000; color: #000000; white-space: pre-wrap;\">Aucun essai th\u00e9rapeutique contr\u00f4l\u00e9 n\u2019a \u00e9t\u00e9 publi\u00e9. L\u2019 objectif du traitement est de contr\u00f4ler les sympt\u00f4mes, enrayer le plus rapidement possible les pouss\u00e9es et ainsi pr\u00e9server au mieux l\u2019int\u00e9grit\u00e9 des structures cartilagineuses afin d\u2019\u00e9viter ou de limiter les atteintes respiratoires et cardiovasculaires qui peuvent engager le pronostic vital.<\/span><\/p><p><span style=\"font-style: normal; caret-color: #000000; color: #000000; white-space: pre-wrap;\">Voici plusieurs types de traitements possibles (cliquez pour plus d&#8217;informations) : <\/span><\/p>\t\t\t\t\t\t\t\t<\/div>\n\t\t\t\t<\/div>\n\t\t\t\t<div class=\"elementor-element elementor-element-e3df2fd elementor-align-center elementor-widget__width-initial elementor-widget elementor-widget-button\" data-id=\"e3df2fd\" data-element_type=\"widget\" data-e-type=\"widget\" data-widget_type=\"button.default\">\n\t\t\t\t<div class=\"elementor-widget-container\">\n\t\t\t\t\t\t\t\t\t<div class=\"elementor-button-wrapper\">\n\t\t\t\t\t<a class=\"elementor-button elementor-button-link elementor-size-sm elementor-animation-grow\" href=\"https:\/\/afpca.fr\/site\/?page_id=506\">\n\t\t\t\t\t\t<span class=\"elementor-button-content-wrapper\">\n\t\t\t\t\t\t\t\t\t<span class=\"elementor-button-text\">Cortico\u00efdes<\/span>\n\t\t\t\t\t<\/span>\n\t\t\t\t\t<\/a>\n\t\t\t\t<\/div>\n\t\t\t\t\t\t\t\t<\/div>\n\t\t\t\t<\/div>\n\t\t\t\t<div class=\"elementor-element elementor-element-aeae52d elementor-align-center elementor-widget__width-initial elementor-widget elementor-widget-button\" data-id=\"aeae52d\" data-element_type=\"widget\" data-e-type=\"widget\" data-widget_type=\"button.default\">\n\t\t\t\t<div class=\"elementor-widget-container\">\n\t\t\t\t\t\t\t\t\t<div class=\"elementor-button-wrapper\">\n\t\t\t\t\t<a class=\"elementor-button elementor-button-link elementor-size-sm elementor-animation-grow\" href=\"https:\/\/afpca.fr\/site\/?page_id=510\">\n\t\t\t\t\t\t<span class=\"elementor-button-content-wrapper\">\n\t\t\t\t\t\t\t\t\t<span class=\"elementor-button-text\">Anti-Inflammatoires<\/span>\n\t\t\t\t\t<\/span>\n\t\t\t\t\t<\/a>\n\t\t\t\t<\/div>\n\t\t\t\t\t\t\t\t<\/div>\n\t\t\t\t<\/div>\n\t\t\t\t<div class=\"elementor-element elementor-element-52238dc elementor-align-center elementor-widget__width-initial elementor-widget elementor-widget-button\" data-id=\"52238dc\" data-element_type=\"widget\" data-e-type=\"widget\" data-widget_type=\"button.default\">\n\t\t\t\t<div class=\"elementor-widget-container\">\n\t\t\t\t\t\t\t\t\t<div class=\"elementor-button-wrapper\">\n\t\t\t\t\t<a class=\"elementor-button elementor-button-link elementor-size-sm elementor-animation-grow\" href=\"https:\/\/afpca.fr\/site\/?page_id=714\">\n\t\t\t\t\t\t<span class=\"elementor-button-content-wrapper\">\n\t\t\t\t\t\t\t\t\t<span class=\"elementor-button-text\">Immuno-suppresseurs<\/span>\n\t\t\t\t\t<\/span>\n\t\t\t\t\t<\/a>\n\t\t\t\t<\/div>\n\t\t\t\t\t\t\t\t<\/div>\n\t\t\t\t<\/div>\n\t\t\t\t<div class=\"elementor-element elementor-element-849b42a elementor-align-center elementor-widget__width-initial elementor-widget elementor-widget-button\" data-id=\"849b42a\" data-element_type=\"widget\" data-e-type=\"widget\" data-widget_type=\"button.default\">\n\t\t\t\t<div class=\"elementor-widget-container\">\n\t\t\t\t\t\t\t\t\t<div class=\"elementor-button-wrapper\">\n\t\t\t\t\t<a class=\"elementor-button elementor-button-link elementor-size-sm elementor-animation-grow\" href=\"https:\/\/afpca.fr\/site\/?page_id=713\">\n\t\t\t\t\t\t<span class=\"elementor-button-content-wrapper\">\n\t\t\t\t\t\t\t\t\t<span class=\"elementor-button-text\">Autres<\/span>\n\t\t\t\t\t<\/span>\n\t\t\t\t\t<\/a>\n\t\t\t\t<\/div>\n\t\t\t\t\t\t\t\t<\/div>\n\t\t\t\t<\/div>\n\t\t\t\t\t<\/div>\n\t\t<\/div>\n\t\t\t\t\t<\/div>\n\t\t<\/section>\n\t\t\t\t<section class=\"elementor-section elementor-top-section elementor-element elementor-element-10ee3cf elementor-section-boxed elementor-section-height-default elementor-section-height-default\" data-id=\"10ee3cf\" data-element_type=\"section\" data-e-type=\"section\">\n\t\t\t\t\t\t<div class=\"elementor-container elementor-column-gap-default\">\n\t\t\t\t\t<div class=\"elementor-column elementor-col-100 elementor-top-column elementor-element elementor-element-7962d34\" data-id=\"7962d34\" data-element_type=\"column\" data-e-type=\"column\">\n\t\t\t<div class=\"elementor-widget-wrap elementor-element-populated\">\n\t\t\t\t\t\t<div class=\"elementor-element elementor-element-aa65958 elementor-widget elementor-widget-heading\" data-id=\"aa65958\" data-element_type=\"widget\" data-e-type=\"widget\" data-widget_type=\"heading.default\">\n\t\t\t\t<div class=\"elementor-widget-container\">\n\t\t\t\t\t<h2 class=\"elementor-heading-title elementor-size-small\">APPROCHE TH\u00c9RAPEUTIQUE COLL\u00c9GIALE<\/h2>\t\t\t\t<\/div>\n\t\t\t\t<\/div>\n\t\t\t\t\t<\/div>\n\t\t<\/div>\n\t\t\t\t\t<\/div>\n\t\t<\/section>\n\t\t\t\t<section class=\"elementor-section elementor-top-section elementor-element elementor-element-4d8646e elementor-section-boxed elementor-section-height-default elementor-section-height-default\" data-id=\"4d8646e\" data-element_type=\"section\" data-e-type=\"section\">\n\t\t\t\t\t\t<div class=\"elementor-container elementor-column-gap-default\">\n\t\t\t\t\t<div class=\"elementor-column elementor-col-100 elementor-top-column elementor-element elementor-element-cec2802\" data-id=\"cec2802\" data-element_type=\"column\" data-e-type=\"column\">\n\t\t\t<div class=\"elementor-widget-wrap elementor-element-populated\">\n\t\t\t\t\t\t<div class=\"elementor-element elementor-element-1a40abd elementor-widget elementor-widget-text-editor\" data-id=\"1a40abd\" data-element_type=\"widget\" data-e-type=\"widget\" data-widget_type=\"text-editor.default\">\n\t\t\t\t<div class=\"elementor-widget-container\">\n\t\t\t\t\t\t\t\t\t<p>La PCA est une maladie syst\u00e9mique complexe dont l\u2019approche th\u00e9rapeutique doit \u00eatre coll\u00e9giale pour \u00eatre plus efficace, permettant de ce fait d\u2019\u00e9tablir au plus t\u00f4t le diagnostic et partant, le traitement le plus pr\u00e9coce des diff\u00e9rentes manifestations cliniques de cette maladie.<\/p><p>Sont concern\u00e9s les :<\/p><p>\u00a0 \u00a0\u2022 Internistes et\/ou rhumatologues : pour le suivi m\u00e9dical, les prescriptions et pour coordonner l\u2019intervention des diff\u00e9rents sp\u00e9cialistes ;<\/p><p>\u00a0 \u00a0\u2022 Pneumologues, cardiologues : pour les bilans annuels de surveillance ;<\/p><p>\u00a0 \u00a0\u2022 Oto-rhino-laryngologistes, ophtalmologistes, dermatologues, h\u00e9matologues, neurologues, n\u00e9phrologues, endocrinologues, psychiatres, psychologues : pour les autres sp\u00e9cialistes auxquels le patient peut avoir recours.<\/p>\t\t\t\t\t\t\t\t<\/div>\n\t\t\t\t<\/div>\n\t\t\t\t\t<\/div>\n\t\t<\/div>\n\t\t\t\t\t<\/div>\n\t\t<\/section>\n\t\t\t\t<section class=\"elementor-section elementor-top-section elementor-element elementor-element-2f92fdf elementor-section-boxed elementor-section-height-default elementor-section-height-default\" data-id=\"2f92fdf\" data-element_type=\"section\" data-e-type=\"section\">\n\t\t\t\t\t\t<div class=\"elementor-container elementor-column-gap-default\">\n\t\t\t\t\t<div class=\"elementor-column elementor-col-100 elementor-top-column elementor-element elementor-element-f7324ae\" data-id=\"f7324ae\" data-element_type=\"column\" data-e-type=\"column\">\n\t\t\t<div class=\"elementor-widget-wrap elementor-element-populated\">\n\t\t\t\t\t\t<div class=\"elementor-element elementor-element-a83b219 elementor-widget elementor-widget-heading\" data-id=\"a83b219\" data-element_type=\"widget\" data-e-type=\"widget\" data-widget_type=\"heading.default\">\n\t\t\t\t<div class=\"elementor-widget-container\">\n\t\t\t\t\t<h2 class=\"elementor-heading-title elementor-size-small\">TRAITEMENTS M\u00c9DICAUX<\/h2>\t\t\t\t<\/div>\n\t\t\t\t<\/div>\n\t\t\t\t\t<\/div>\n\t\t<\/div>\n\t\t\t\t\t<\/div>\n\t\t<\/section>\n\t\t\t\t<section class=\"elementor-section elementor-top-section elementor-element elementor-element-3aa543f elementor-section-boxed elementor-section-height-default elementor-section-height-default\" data-id=\"3aa543f\" data-element_type=\"section\" data-e-type=\"section\">\n\t\t\t\t\t\t<div class=\"elementor-container elementor-column-gap-default\">\n\t\t\t\t\t<div class=\"elementor-column elementor-col-100 elementor-top-column elementor-element elementor-element-5b471e8\" data-id=\"5b471e8\" data-element_type=\"column\" data-e-type=\"column\">\n\t\t\t<div class=\"elementor-widget-wrap elementor-element-populated\">\n\t\t\t\t\t\t<div class=\"elementor-element elementor-element-2fd96a9 elementor-widget elementor-widget-text-editor\" data-id=\"2fd96a9\" data-element_type=\"widget\" data-e-type=\"widget\" data-widget_type=\"text-editor.default\">\n\t\t\t\t<div class=\"elementor-widget-container\">\n\t\t\t\t\t\t\t\t\t<p>Le traitement fait appel dans la majorit\u00e9 des cas \u00e0 la corticoth\u00e9rapie :<\/p><p>\u00a0 \u00a0 \u00a0 \u00a0 \u00a0 \u00a0 \u00a0 \u00a0\u2022 G\u00e9n\u00e9rale en cas de pouss\u00e9es ;<\/p><p>\u00a0 \u00a0 \u00a0 \u00a0 \u00a0 \u00a0 \u00a0 \u00a0\u2022 \u00c0 doses plus faibles pour contr\u00f4ler la maladie.<\/p><p>\u2022 L\u2019administration orale d\u2019AINS (anti-Inflammatoires non st\u00e9ro\u00efdiens) est efficace pour les patients affect\u00e9s par une forme l\u00e9g\u00e8re de la maladie et particuli\u00e8rement lorsque des pouss\u00e9es aigu\u00ebs se manifestent (\u00e0 condition toutefois qu\u2019une corticoth\u00e9rapie ne soit pas d\u00e9j\u00e0 engag\u00e9e) ;<br \/>\u2022 Les immunosuppresseurs, en association avec les AINS et surtout les cortico\u00efdes, sont indiqu\u00e9s soit d\u2019embl\u00e9e dans les formes plus s\u00e9v\u00e8res de la maladie, soit pour \u00e9viter la corticod\u00e9pendance et les complications corticoinduites ;<br \/>\u2022 Les bioth\u00e9rapies, qui sont des th\u00e9rapeutiques innovantes issues de la recherche dans d\u2019autres maladies auto-immunes, ne sont pas encore valid\u00e9es dans la PCA, mais constituent une piste int\u00e9ressante ;<br \/>\u2022 Dapsone, colchicine ;<br \/>\u2022 Des th\u00e9rapeutiques sp\u00e9cifiques \u00e0 chaque \u00e9ventuelle atteinte syst\u00e9mique (cardiovasculaire, cutan\u00e9e\u2026) sont associ\u00e9es.<\/p>\t\t\t\t\t\t\t\t<\/div>\n\t\t\t\t<\/div>\n\t\t\t\t\t<\/div>\n\t\t<\/div>\n\t\t\t\t\t<\/div>\n\t\t<\/section>\n\t\t\t\t<section class=\"elementor-section elementor-top-section elementor-element elementor-element-05492be elementor-section-boxed elementor-section-height-default elementor-section-height-default\" data-id=\"05492be\" data-element_type=\"section\" data-e-type=\"section\">\n\t\t\t\t\t\t<div class=\"elementor-container elementor-column-gap-default\">\n\t\t\t\t\t<div class=\"elementor-column elementor-col-100 elementor-top-column elementor-element elementor-element-4aa21bd\" data-id=\"4aa21bd\" data-element_type=\"column\" data-e-type=\"column\">\n\t\t\t<div class=\"elementor-widget-wrap elementor-element-populated\">\n\t\t\t\t\t\t<div class=\"elementor-element elementor-element-2798491 elementor-widget elementor-widget-heading\" data-id=\"2798491\" data-element_type=\"widget\" data-e-type=\"widget\" data-widget_type=\"heading.default\">\n\t\t\t\t<div class=\"elementor-widget-container\">\n\t\t\t\t\t<h2 class=\"elementor-heading-title elementor-size-small\">TRAITEMENTS CHIRURGICAUX<\/h2>\t\t\t\t<\/div>\n\t\t\t\t<\/div>\n\t\t\t\t\t<\/div>\n\t\t<\/div>\n\t\t\t\t\t<\/div>\n\t\t<\/section>\n\t\t\t\t<section class=\"elementor-section elementor-top-section elementor-element elementor-element-80e76be elementor-section-boxed elementor-section-height-default elementor-section-height-default\" data-id=\"80e76be\" data-element_type=\"section\" data-e-type=\"section\">\n\t\t\t\t\t\t<div class=\"elementor-container elementor-column-gap-default\">\n\t\t\t\t\t<div class=\"elementor-column elementor-col-100 elementor-top-column elementor-element elementor-element-5b63abe\" data-id=\"5b63abe\" data-element_type=\"column\" data-e-type=\"column\">\n\t\t\t<div class=\"elementor-widget-wrap elementor-element-populated\">\n\t\t\t\t\t\t<div class=\"elementor-element elementor-element-585cf50 elementor-widget elementor-widget-text-editor\" data-id=\"585cf50\" data-element_type=\"widget\" data-e-type=\"widget\" data-widget_type=\"text-editor.default\">\n\t\t\t\t<div class=\"elementor-widget-container\">\n\t\t\t\t\t\t\t\t\t<p>Les indications des rares interventions chirurgicales envisag\u00e9es dans la PCA, sont toujours bien discut\u00e9es car elles peuvent poser probl\u00e8me.<\/p><p>Elles sont indiqu\u00e9es :<br \/>&#8211; pour remplacer une valve cardiaque (aortique ou mitrale) dans le cas d\u2019une atteinte s\u00e9v\u00e8re ;<br \/>&#8211; op\u00e9rer des an\u00e9vrysmes de l\u2019aorte en fonction de leur taille, retentissement et \u00e9volutivit\u00e9 ;<br \/>&#8211; effectuer une trach\u00e9otomie en urgence (situation exceptionnelle) : mise en place d\u2019une proth\u00e8se endotrach\u00e9ale ;<br \/>&#8211; r\u00e9aliser une plastie nasale dans certaines conditions.<\/p><p>Le b\u00e9n\u00e9fice d\u2019un geste chirurgical doit \u00eatre prudemment \u00e9valu\u00e9 par rapport au risque li\u00e9 \u00e0 la fragilit\u00e9 des tissus op\u00e9r\u00e9s, au risque infectieux inh\u00e9rent \u00e0 la maladie qui est plus \u00e9lev\u00e9 en cours des pouss\u00e9es, encore major\u00e9 par une corticoth\u00e9rapie au long cours.<\/p>\t\t\t\t\t\t\t\t<\/div>\n\t\t\t\t<\/div>\n\t\t\t\t\t<\/div>\n\t\t<\/div>\n\t\t\t\t\t<\/div>\n\t\t<\/section>\n\t\t\t\t<section class=\"elementor-section elementor-top-section elementor-element elementor-element-ce483d9 elementor-section-boxed elementor-section-height-default elementor-section-height-default\" data-id=\"ce483d9\" data-element_type=\"section\" data-e-type=\"section\">\n\t\t\t\t\t\t<div class=\"elementor-container elementor-column-gap-default\">\n\t\t\t\t\t<div class=\"elementor-column elementor-col-100 elementor-top-column elementor-element elementor-element-1bdc971\" data-id=\"1bdc971\" data-element_type=\"column\" data-e-type=\"column\">\n\t\t\t<div class=\"elementor-widget-wrap elementor-element-populated\">\n\t\t\t\t\t\t<div class=\"elementor-element elementor-element-1b89063 elementor-widget elementor-widget-heading\" data-id=\"1b89063\" data-element_type=\"widget\" data-e-type=\"widget\" data-widget_type=\"heading.default\">\n\t\t\t\t<div class=\"elementor-widget-container\">\n\t\t\t\t\t<h2 class=\"elementor-heading-title elementor-size-small\">LE PATIENT DOIT ACCOMPAGNER LES TRAITEMENTS<\/h2>\t\t\t\t<\/div>\n\t\t\t\t<\/div>\n\t\t\t\t\t<\/div>\n\t\t<\/div>\n\t\t\t\t\t<\/div>\n\t\t<\/section>\n\t\t\t\t<section class=\"elementor-section elementor-top-section elementor-element elementor-element-641692c elementor-section-boxed elementor-section-height-default elementor-section-height-default\" data-id=\"641692c\" data-element_type=\"section\" data-e-type=\"section\">\n\t\t\t\t\t\t<div class=\"elementor-container elementor-column-gap-default\">\n\t\t\t\t\t<div class=\"elementor-column elementor-col-100 elementor-top-column elementor-element elementor-element-164f76d\" data-id=\"164f76d\" data-element_type=\"column\" data-e-type=\"column\">\n\t\t\t<div class=\"elementor-widget-wrap elementor-element-populated\">\n\t\t\t\t\t\t<div class=\"elementor-element elementor-element-97f4c1c elementor-widget elementor-widget-text-editor\" data-id=\"97f4c1c\" data-element_type=\"widget\" data-e-type=\"widget\" data-widget_type=\"text-editor.default\">\n\t\t\t\t<div class=\"elementor-widget-container\">\n\t\t\t\t\t\t\t\t\t<p>Certaines r\u00e8gles de vie s\u2019imposent d\u2019elles-m\u00eames. Il est fortement recommand\u00e9 de ne pas fumer car cela peut, entre autres, accro\u00eetre les troubles cardio-vasculaires et la fragilit\u00e9 de la trach\u00e9e et des poumons.<\/p><p>Par ailleurs, compte tenu des effets secondaires possibles des m\u00e9dicaments, il faut parfois modifier certaines habitudes et notamment suivre un r\u00e9gime (sans sel, sans sucre et pauvre en calories) en raison des cortico\u00efdes qui favorisent l\u2019hypertension art\u00e9rielle, le diab\u00e8te et entra\u00eenent souvent une prise de poids. En effet, il faut faire attention \u00e0 ne pas \u00eatre en surpoids pour soulager les douleurs articulaires mais aussi pour am\u00e9liorer l\u2019\u00e9tat g\u00e9n\u00e9ral.<\/p>\t\t\t\t\t\t\t\t<\/div>\n\t\t\t\t<\/div>\n\t\t\t\t\t<\/div>\n\t\t<\/div>\n\t\t\t\t\t<\/div>\n\t\t<\/section>\n\t\t\t\t<section class=\"elementor-section elementor-top-section elementor-element elementor-element-f6b216e elementor-section-boxed elementor-section-height-default elementor-section-height-default\" data-id=\"f6b216e\" data-element_type=\"section\" data-e-type=\"section\">\n\t\t\t\t\t\t<div class=\"elementor-container elementor-column-gap-default\">\n\t\t\t\t\t<div class=\"elementor-column elementor-col-100 elementor-top-column elementor-element elementor-element-5ed7f67\" data-id=\"5ed7f67\" data-element_type=\"column\" data-e-type=\"column\">\n\t\t\t<div class=\"elementor-widget-wrap elementor-element-populated\">\n\t\t\t\t\t\t<div class=\"elementor-element elementor-element-ee68ab9 elementor-widget elementor-widget-heading\" data-id=\"ee68ab9\" data-element_type=\"widget\" data-e-type=\"widget\" data-widget_type=\"heading.default\">\n\t\t\t\t<div class=\"elementor-widget-container\">\n\t\t\t\t\t<h2 class=\"elementor-heading-title elementor-size-small\">QUELQUES LIENS UTILES SUR L'UTILISATION DES BIOTH\u00c9RAPIES<\/h2>\t\t\t\t<\/div>\n\t\t\t\t<\/div>\n\t\t\t\t\t<\/div>\n\t\t<\/div>\n\t\t\t\t\t<\/div>\n\t\t<\/section>\n\t\t\t\t<section class=\"elementor-section elementor-top-section elementor-element elementor-element-b93a7c5 elementor-section-boxed elementor-section-height-default elementor-section-height-default\" data-id=\"b93a7c5\" data-element_type=\"section\" data-e-type=\"section\">\n\t\t\t\t\t\t<div class=\"elementor-container elementor-column-gap-default\">\n\t\t\t\t\t<div class=\"elementor-column elementor-col-100 elementor-top-column elementor-element elementor-element-853c73a\" data-id=\"853c73a\" data-element_type=\"column\" data-e-type=\"column\">\n\t\t\t<div class=\"elementor-widget-wrap elementor-element-populated\">\n\t\t\t\t\t\t<div class=\"elementor-element elementor-element-abc8ed2 elementor-widget elementor-widget-text-editor\" data-id=\"abc8ed2\" data-element_type=\"widget\" data-e-type=\"widget\" data-widget_type=\"text-editor.default\">\n\t\t\t\t<div class=\"elementor-widget-container\">\n\t\t\t\t\t\t\t\t\t<p>Informations sur le Roactemra, <a href=\"https:\/\/www.vidal.fr\/medicaments\/gammes\/roactemra-41807.html\">ici<\/a>.<\/p><p>Informations sur l\u2019inhibition de l\u2019IL6 perspectives dans les pathologies en dehors de la polyarthrite rhumatoi\u0308de, <a href=\"https:\/\/afpca.fr\/site\/wp-content\/uploads\/2025\/03\/anti_IL6.pdf\">ici<\/a>.<\/p>\t\t\t\t\t\t\t\t<\/div>\n\t\t\t\t<\/div>\n\t\t\t\t\t<\/div>\n\t\t<\/div>\n\t\t\t\t\t<\/div>\n\t\t<\/section>\n\t\t\t\t<section class=\"elementor-section elementor-top-section elementor-element elementor-element-e68e4e5 elementor-section-boxed elementor-section-height-default elementor-section-height-default\" data-id=\"e68e4e5\" data-element_type=\"section\" data-e-type=\"section\">\n\t\t\t\t\t\t<div class=\"elementor-container elementor-column-gap-default\">\n\t\t\t\t\t<div class=\"elementor-column elementor-col-100 elementor-top-column elementor-element elementor-element-7654cc7\" data-id=\"7654cc7\" data-element_type=\"column\" data-e-type=\"column\">\n\t\t\t<div class=\"elementor-widget-wrap elementor-element-populated\">\n\t\t\t\t\t\t\t<\/div>\n\t\t<\/div>\n\t\t\t\t\t<\/div>\n\t\t<\/section>\n\t\t\t\t<\/div>\n\t\t","protected":false},"excerpt":{"rendered":"<p>Aucun essai th\u00e9rapeutique contr\u00f4l\u00e9 n\u2019a \u00e9t\u00e9 publi\u00e9. L\u2019 objectif du traitement est de contr\u00f4ler les sympt\u00f4mes, enrayer le plus rapidement possible les pouss\u00e9es et ainsi pr\u00e9server au mieux l\u2019int\u00e9grit\u00e9 des structures cartilagineuses afin d\u2019\u00e9viter ou de limiter les atteintes respiratoires et cardiovasculaires qui peuvent engager le pronostic vital. Voici plusieurs types de traitements possibles (cliquez [&hellip;]<\/p>\n","protected":false},"author":10,"featured_media":0,"parent":0,"menu_order":0,"comment_status":"closed","ping_status":"closed","template":"","meta":{"footnotes":""},"class_list":["post-274","page","type-page","status-publish","hentry","post"],"yoast_head":"<!-- This site is optimized with the Yoast SEO plugin v27.5 - https:\/\/yoast.com\/product\/yoast-seo-wordpress\/ -->\n<title>Traitements - Association Francophone Contre La Polychondrite Chronique Atrophiante<\/title>\n<meta name=\"robots\" content=\"index, follow, max-snippet:-1, max-image-preview:large, max-video-preview:-1\" \/>\n<link rel=\"canonical\" href=\"https:\/\/afpca.fr\/site\/traitements\/\" \/>\n<meta property=\"og:locale\" content=\"fr_FR\" \/>\n<meta property=\"og:type\" content=\"article\" \/>\n<meta property=\"og:title\" content=\"Traitements - Association Francophone Contre La Polychondrite Chronique Atrophiante\" \/>\n<meta property=\"og:description\" content=\"Aucun essai th\u00e9rapeutique contr\u00f4l\u00e9 n\u2019a \u00e9t\u00e9 publi\u00e9. L\u2019 objectif du traitement est de contr\u00f4ler les sympt\u00f4mes, enrayer le plus rapidement possible les pouss\u00e9es et ainsi pr\u00e9server au mieux l\u2019int\u00e9grit\u00e9 des structures cartilagineuses afin d\u2019\u00e9viter ou de limiter les atteintes respiratoires et cardiovasculaires qui peuvent engager le pronostic vital. Voici plusieurs types de traitements possibles (cliquez [&hellip;]\" \/>\n<meta property=\"og:url\" content=\"https:\/\/afpca.fr\/site\/traitements\/\" \/>\n<meta property=\"og:site_name\" content=\"Association Francophone Contre La Polychondrite Chronique Atrophiante\" \/>\n<meta property=\"article:publisher\" content=\"https:\/\/www.facebook.com\/groups\/42710644010\" \/>\n<meta property=\"article:modified_time\" content=\"2025-03-10T17:57:21+00:00\" \/>\n<meta name=\"twitter:card\" content=\"summary_large_image\" \/>\n<meta name=\"twitter:label1\" content=\"Dur\u00e9e de lecture estim\u00e9e\" \/>\n\t<meta name=\"twitter:data1\" content=\"3 minutes\" \/>\n<script type=\"application\/ld+json\" class=\"yoast-schema-graph\">{\"@context\":\"https:\\\/\\\/schema.org\",\"@graph\":[{\"@type\":\"WebPage\",\"@id\":\"https:\\\/\\\/afpca.fr\\\/site\\\/traitements\\\/\",\"url\":\"https:\\\/\\\/afpca.fr\\\/site\\\/traitements\\\/\",\"name\":\"Traitements - Association Francophone Contre La Polychondrite Chronique Atrophiante\",\"isPartOf\":{\"@id\":\"https:\\\/\\\/afpca.fr\\\/site\\\/#website\"},\"datePublished\":\"2021-03-11T13:13:46+00:00\",\"dateModified\":\"2025-03-10T17:57:21+00:00\",\"breadcrumb\":{\"@id\":\"https:\\\/\\\/afpca.fr\\\/site\\\/traitements\\\/#breadcrumb\"},\"inLanguage\":\"fr-FR\",\"potentialAction\":[{\"@type\":\"ReadAction\",\"target\":[\"https:\\\/\\\/afpca.fr\\\/site\\\/traitements\\\/\"]}]},{\"@type\":\"BreadcrumbList\",\"@id\":\"https:\\\/\\\/afpca.fr\\\/site\\\/traitements\\\/#breadcrumb\",\"itemListElement\":[{\"@type\":\"ListItem\",\"position\":1,\"name\":\"Accueil\",\"item\":\"https:\\\/\\\/afpca.fr\\\/site\\\/\"},{\"@type\":\"ListItem\",\"position\":2,\"name\":\"Traitements\"}]},{\"@type\":\"WebSite\",\"@id\":\"https:\\\/\\\/afpca.fr\\\/site\\\/#website\",\"url\":\"https:\\\/\\\/afpca.fr\\\/site\\\/\",\"name\":\"Association Francophone Contre La Polychondrite Chronique Atrophiante\",\"description\":\"Association Francophone Contre La Polychondrite Chronique Atrophiante\",\"publisher\":{\"@id\":\"https:\\\/\\\/afpca.fr\\\/site\\\/#organization\"},\"potentialAction\":[{\"@type\":\"SearchAction\",\"target\":{\"@type\":\"EntryPoint\",\"urlTemplate\":\"https:\\\/\\\/afpca.fr\\\/site\\\/?s={search_term_string}\"},\"query-input\":{\"@type\":\"PropertyValueSpecification\",\"valueRequired\":true,\"valueName\":\"search_term_string\"}}],\"inLanguage\":\"fr-FR\"},{\"@type\":\"Organization\",\"@id\":\"https:\\\/\\\/afpca.fr\\\/site\\\/#organization\",\"name\":\"Association Francophone Contre La Polychondrite Chronique Atrophiante\",\"url\":\"https:\\\/\\\/afpca.fr\\\/site\\\/\",\"logo\":{\"@type\":\"ImageObject\",\"inLanguage\":\"fr-FR\",\"@id\":\"https:\\\/\\\/afpca.fr\\\/site\\\/#\\\/schema\\\/logo\\\/image\\\/\",\"url\":\"https:\\\/\\\/afpca.fr\\\/site\\\/wp-content\\\/uploads\\\/2023\\\/05\\\/LOGO_afpca.png\",\"contentUrl\":\"https:\\\/\\\/afpca.fr\\\/site\\\/wp-content\\\/uploads\\\/2023\\\/05\\\/LOGO_afpca.png\",\"width\":184,\"height\":184,\"caption\":\"Association Francophone Contre La Polychondrite Chronique Atrophiante\"},\"image\":{\"@id\":\"https:\\\/\\\/afpca.fr\\\/site\\\/#\\\/schema\\\/logo\\\/image\\\/\"},\"sameAs\":[\"https:\\\/\\\/www.facebook.com\\\/groups\\\/42710644010\"]}]}<\/script>\n<!-- \/ Yoast SEO plugin. -->","yoast_head_json":{"title":"Traitements - Association Francophone Contre La Polychondrite Chronique Atrophiante","robots":{"index":"index","follow":"follow","max-snippet":"max-snippet:-1","max-image-preview":"max-image-preview:large","max-video-preview":"max-video-preview:-1"},"canonical":"https:\/\/afpca.fr\/site\/traitements\/","og_locale":"fr_FR","og_type":"article","og_title":"Traitements - Association Francophone Contre La Polychondrite Chronique Atrophiante","og_description":"Aucun essai th\u00e9rapeutique contr\u00f4l\u00e9 n\u2019a \u00e9t\u00e9 publi\u00e9. L\u2019 objectif du traitement est de contr\u00f4ler les sympt\u00f4mes, enrayer le plus rapidement possible les pouss\u00e9es et ainsi pr\u00e9server au mieux l\u2019int\u00e9grit\u00e9 des structures cartilagineuses afin d\u2019\u00e9viter ou de limiter les atteintes respiratoires et cardiovasculaires qui peuvent engager le pronostic vital. Voici plusieurs types de traitements possibles (cliquez [&hellip;]","og_url":"https:\/\/afpca.fr\/site\/traitements\/","og_site_name":"Association Francophone Contre La Polychondrite Chronique Atrophiante","article_publisher":"https:\/\/www.facebook.com\/groups\/42710644010","article_modified_time":"2025-03-10T17:57:21+00:00","twitter_card":"summary_large_image","twitter_misc":{"Dur\u00e9e de lecture estim\u00e9e":"3 minutes"},"schema":{"@context":"https:\/\/schema.org","@graph":[{"@type":"WebPage","@id":"https:\/\/afpca.fr\/site\/traitements\/","url":"https:\/\/afpca.fr\/site\/traitements\/","name":"Traitements - Association Francophone Contre La Polychondrite Chronique Atrophiante","isPartOf":{"@id":"https:\/\/afpca.fr\/site\/#website"},"datePublished":"2021-03-11T13:13:46+00:00","dateModified":"2025-03-10T17:57:21+00:00","breadcrumb":{"@id":"https:\/\/afpca.fr\/site\/traitements\/#breadcrumb"},"inLanguage":"fr-FR","potentialAction":[{"@type":"ReadAction","target":["https:\/\/afpca.fr\/site\/traitements\/"]}]},{"@type":"BreadcrumbList","@id":"https:\/\/afpca.fr\/site\/traitements\/#breadcrumb","itemListElement":[{"@type":"ListItem","position":1,"name":"Accueil","item":"https:\/\/afpca.fr\/site\/"},{"@type":"ListItem","position":2,"name":"Traitements"}]},{"@type":"WebSite","@id":"https:\/\/afpca.fr\/site\/#website","url":"https:\/\/afpca.fr\/site\/","name":"Association Francophone Contre La Polychondrite Chronique Atrophiante","description":"Association Francophone Contre La Polychondrite Chronique Atrophiante","publisher":{"@id":"https:\/\/afpca.fr\/site\/#organization"},"potentialAction":[{"@type":"SearchAction","target":{"@type":"EntryPoint","urlTemplate":"https:\/\/afpca.fr\/site\/?s={search_term_string}"},"query-input":{"@type":"PropertyValueSpecification","valueRequired":true,"valueName":"search_term_string"}}],"inLanguage":"fr-FR"},{"@type":"Organization","@id":"https:\/\/afpca.fr\/site\/#organization","name":"Association Francophone Contre La Polychondrite Chronique Atrophiante","url":"https:\/\/afpca.fr\/site\/","logo":{"@type":"ImageObject","inLanguage":"fr-FR","@id":"https:\/\/afpca.fr\/site\/#\/schema\/logo\/image\/","url":"https:\/\/afpca.fr\/site\/wp-content\/uploads\/2023\/05\/LOGO_afpca.png","contentUrl":"https:\/\/afpca.fr\/site\/wp-content\/uploads\/2023\/05\/LOGO_afpca.png","width":184,"height":184,"caption":"Association Francophone Contre La Polychondrite Chronique Atrophiante"},"image":{"@id":"https:\/\/afpca.fr\/site\/#\/schema\/logo\/image\/"},"sameAs":["https:\/\/www.facebook.com\/groups\/42710644010"]}]}},"_links":{"self":[{"href":"https:\/\/afpca.fr\/site\/wp-json\/wp\/v2\/pages\/274","targetHints":{"allow":["GET"]}}],"collection":[{"href":"https:\/\/afpca.fr\/site\/wp-json\/wp\/v2\/pages"}],"about":[{"href":"https:\/\/afpca.fr\/site\/wp-json\/wp\/v2\/types\/page"}],"author":[{"embeddable":true,"href":"https:\/\/afpca.fr\/site\/wp-json\/wp\/v2\/users\/10"}],"replies":[{"embeddable":true,"href":"https:\/\/afpca.fr\/site\/wp-json\/wp\/v2\/comments?post=274"}],"version-history":[{"count":6,"href":"https:\/\/afpca.fr\/site\/wp-json\/wp\/v2\/pages\/274\/revisions"}],"predecessor-version":[{"id":4512,"href":"https:\/\/afpca.fr\/site\/wp-json\/wp\/v2\/pages\/274\/revisions\/4512"}],"wp:attachment":[{"href":"https:\/\/afpca.fr\/site\/wp-json\/wp\/v2\/media?parent=274"}],"curies":[{"name":"wp","href":"https:\/\/api.w.org\/{rel}","templated":true}]}}