{"id":4896,"date":"2025-11-03T18:12:36","date_gmt":"2025-11-03T17:12:36","guid":{"rendered":"https:\/\/afpca.fr\/site\/?page_id=4896"},"modified":"2025-11-03T19:00:46","modified_gmt":"2025-11-03T18:00:46","slug":"presentation-ag-2015","status":"publish","type":"page","link":"https:\/\/afpca.fr\/site\/espace-adherent-afpca\/archives\/presentation-ag-2015\/","title":{"rendered":"pr\u00e9sentation AG 2015"},"content":{"rendered":"\t\t<div data-elementor-type=\"wp-page\" data-elementor-id=\"4896\" class=\"elementor elementor-4896\">\n\t\t\t\t<div class=\"elementor-element elementor-element-d690946 e-flex e-con-boxed e-con e-parent\" data-id=\"d690946\" data-element_type=\"container\" data-e-type=\"container\">\n\t\t\t\t\t<div class=\"e-con-inner\">\n\t\t\t\t<div class=\"elementor-element elementor-element-4f5b768 elementor-widget elementor-widget-heading\" data-id=\"4f5b768\" data-element_type=\"widget\" data-e-type=\"widget\" data-widget_type=\"heading.default\">\n\t\t\t\t<div class=\"elementor-widget-container\">\n\t\t\t\t\t<h2 class=\"elementor-heading-title elementor-size-default\">Pr\u00e9sentation Dr Mathian Alexis\u00a0:  actualit\u00e9s dans la PCA\n(CHU de APHP de la Piti\u00e9-Salp\u00eatri\u00e8re)\n<\/h2>\t\t\t\t<\/div>\n\t\t\t\t<\/div>\n\t\t\t\t\t<\/div>\n\t\t\t\t<\/div>\n\t\t<div class=\"elementor-element elementor-element-73b8789 e-flex e-con-boxed e-con e-parent\" data-id=\"73b8789\" data-element_type=\"container\" data-e-type=\"container\">\n\t\t\t\t\t<div class=\"e-con-inner\">\n\t\t\t\t<div class=\"elementor-element elementor-element-0c34312 elementor-widget elementor-widget-text-editor\" data-id=\"0c34312\" data-element_type=\"widget\" data-e-type=\"widget\" data-widget_type=\"text-editor.default\">\n\t\t\t\t<div class=\"elementor-widget-container\">\n\t\t\t\t\t\t\t\t\t<p><a href=\"https:\/\/afpca.fr\/site\/wp-content\/uploads\/2025\/11\/actu_PCA_2015.pdf\">\u2013&gt; voir la pr\u00e9sentation sur les actualit\u00e9s de 2015 <strong>(<u>tomoscintigraphie par \u00e9mission de positons (TEP) dans la PCA et les bioth\u00e9rapies)<\/u><\/strong><\/a><\/p><p><u><strong>La tomoscintigraphie par \u00e9mission de positons (TEP) dans la PCA<\/strong><\/u><\/p><p>Fixation sur les r\u00e9gions \u00ab inflamm\u00e9es (cartilages, paroi des vaisseaux, yeux, ganglions\u00a0\u2026).<\/p><p>Int\u00e9r\u00eat \/ indication dans la PCA\u00a0: aide au diagnostic dans les formes o\u00f9 le diagnostic est difficile\u00a0ou compliqu\u00e9 :<\/p><ul><li>Faire la part des douleurs li\u00e9es \u00e0 la polychondrite ou \u00e0 d\u2019autres\u00a0causes<\/li><li>Faire la part entre un asthme et la polychondrite<\/li><li>D\u00e9pistage de r\u00e9gions inflamm\u00e9es \u00ab cach\u00e9es \u00bb\u00a0: aorte, arbre\u00a0respiratoire<\/li><li>Guider la biopsie ?<\/li><li>\u00c9valuation de l\u2019activit\u00e9 de la maladie<\/li><li>\u00c9valuation de l\u2019extension de la maladie<\/li><\/ul><p><u><strong>Les bioth\u00e9rapies<\/strong><\/u><\/p><p>M\u00e9dicaments issus de substances du corps humain, cr\u00e9\u00e9s gr\u00e2ce \u00e0 la biologie.<\/p><p>On cultive des cellules pour leur faire synth\u00e9tiser un anticorps dirig\u00e9 sp\u00e9cifiquement contre une mol\u00e9cule bien particuli\u00e8re suspect\u00e9e dans le d\u00e9clenchement ou l&#8217;entretien d&#8217;une maladie.\u00a0<\/p><p>Le mode de fabrication rend compte en partie du co\u00fbt tr\u00e8s \u00e9lev\u00e9 de ces traitements.<\/p><p>Selon le produit choisi, l&#8217;administration se fait :<\/p><ul><li>soit en perfusion intraveineuse \u00e0 l&#8217;h\u00f4pital toutes les 4 \u00e0 8 semaines,<\/li><li>soit par voie injection sous cutan\u00e9e 2 fois par semaine \u00e0 1 fois toutes les deux semaines.<\/li><li>administr\u00e9es apr\u00e8s \u00e9chec des traitements traditionnels<\/li><\/ul><p>L\u2019int\u00e9r\u00eat :<\/p><ul><li>Nouveaux m\u00e9dicaments<\/li><li>Plus cibl\u00e9s<\/li><li>Moins d\u2019effets secondaires?<\/li><\/ul><p>Les inconv\u00e9nients :<\/p><ul><li>Efficacit\u00e9 r\u00e9elle inconnue dans la polychondrite<\/li><li>Co\u00fbt (bio g\u00e9n\u00e9rique)<\/li><li>Uniquement suspensif<\/li><li>Effets secondaires<\/li><li>Tol\u00e9rance \u00e0 long terme ?<\/li><li>\u00c9puisement de l\u2019effet.<\/li><\/ul><p><u>Attention\u00a0<\/u>: La surveillance est r\u00e9guli\u00e8re et obligatoire. Toute fi\u00e8vre doit conduire \u00e0 discuter une \u00e9ventuelle antibioth\u00e9rapie et suspendre transitoirement le traitement. Si une intervention chirurgicale est envisag\u00e9e, elle doit \u00eatre programm\u00e9e de fa\u00e7on \u00e0 adapter le traitement.<\/p>\t\t\t\t\t\t\t\t<\/div>\n\t\t\t\t<\/div>\n\t\t\t\t\t<\/div>\n\t\t\t\t<\/div>\n\t\t<div class=\"elementor-element elementor-element-b4f1208 e-flex e-con-boxed e-con e-parent\" data-id=\"b4f1208\" data-element_type=\"container\" data-e-type=\"container\">\n\t\t\t\t\t<div class=\"e-con-inner\">\n\t\t\t\t<div class=\"elementor-element elementor-element-86a2fb7 elementor-widget elementor-widget-heading\" data-id=\"86a2fb7\" data-element_type=\"widget\" data-e-type=\"widget\" data-widget_type=\"heading.default\">\n\t\t\t\t<div class=\"elementor-widget-container\">\n\t\t\t\t\t<h2 class=\"elementor-heading-title elementor-size-default\">Pr\u00e9sentation du Professeur Piette : \u00e9tude d\u00e9mographique  (CHU de APHP de la Piti\u00e9-Salp\u00eatri\u00e8re)<\/h2>\t\t\t\t<\/div>\n\t\t\t\t<\/div>\n\t\t\t\t\t<\/div>\n\t\t\t\t<\/div>\n\t\t<div class=\"elementor-element elementor-element-7a51881 e-flex e-con-boxed e-con e-parent\" data-id=\"7a51881\" data-element_type=\"container\" data-e-type=\"container\">\n\t\t\t\t\t<div class=\"e-con-inner\">\n\t\t\t\t<div class=\"elementor-element elementor-element-92cbcf5 elementor-widget elementor-widget-text-editor\" data-id=\"92cbcf5\" data-element_type=\"widget\" data-e-type=\"widget\" data-widget_type=\"text-editor.default\">\n\t\t\t\t<div class=\"elementor-widget-container\">\n\t\t\t\t\t\t\t\t\t<p>Lors d\u2019un essai clinique r\u00e9alis\u00e9 \u00e0 la Piti\u00e9 Salp\u00eatri\u00e8re, le Professeur Piette et son \u00e9quipe ont regroup\u00e9 les diff\u00e9rents cas de PCA en 3 sous-groupes. L\u2019\u00e9tude a port\u00e9 sur 142 patients vus au moins une fois et suivis sur une ann\u00e9e m\u00e9diane de 2001 \u00e0 la Piti\u00e9 (entre 1974 et 2012). La prise en charge des patients a fortement progress\u00e9 par rapport \u00e0 l\u2019\u00e9poque o\u00f9 l\u2019on poss\u00e9dait peu de parades contre la maladie.<\/p><ul><li>1\/ Donn\u00e9es d\u00e9mographiques :<ul><li>Pr\u00e9valence selon sexe : Ce sont des femmes dans 61% des cas et des hommes dans 43.9%<\/li><li>Age moyen lors du premier sympt\u00f4me : 43 ans 1\/2<\/li><li>D\u00e9lai moyen du diagnostic : 3.2 ans<\/li><li>Suivi moyen de 14 ans<\/li><li>Une autre Maladie auto-immune est associ\u00e9e dans 22% des cas<\/li><li>Maladie associ\u00e9e chez l\u2019homme de plus de 60 ans dans 1\/4 des cas : Syndrome My\u00e9lodysplasique SMD (anomalie de fabrication des Globules rouges)<\/li><li>Pas de syndrome inflammatoire dans 40% des cas.<\/li><\/ul><\/li><\/ul><ul><li>2\/ Classification des PCA en 3 sous -groupes<ul><li>1er sous-groupe : 8.2 % des 142 cas<\/li><\/ul><\/li><\/ul><p style=\"padding-left: 80px;\">On y retrouve majoritairement des hommes de plus de 60 ans ayant un SMD (Syndromes my\u00e9lodysplasiques) .\u00a0Atteinte cutan\u00e9e fr\u00e9quente et raret\u00e9 des atteintes trach\u00e9o-bronchiques. Ce groupe pr\u00e9sente le moins bon pronostic.<\/p><p style=\"padding-left: 80px;\">Traitement : Immunosuppresseur dans 33% des cas et Bioth\u00e9rapies dans 58%<\/p><ul><li style=\"list-style-type: none;\"><ul><li>2e sous-groupe : 26% des cas dans lequel pr\u00e9dominent les femmes (57%).<\/li><\/ul><\/li><\/ul><p style=\"padding-left: 80px;\">Les atteintes les plus marqu\u00e9es dans ce sous-groupe sont trach\u00e9o-bronchiques et\/ou\u00a0laryng\u00e9es. C\u2019est le ramollissement des cartilages qui peut cr\u00e9er une obstruction de la trach\u00e9e et des difficult\u00e9s respiratoires.<\/p><p style=\"padding-left: 80px;\">Traitement : Immunosuppresseur dans 83% des cas, Bioth\u00e9rapies dans 32%<\/p><ul><li style=\"list-style-type: none;\"><ul><li>3e sous-groupe :2\/3 des 142 cas (65.5 %)<\/li><\/ul><\/li><\/ul><p style=\"padding-left: 80px;\">On y retrouve des patients atteints par les diff\u00e9rents sympt\u00f4mes de la PCA mais globalement\u00a0moindres manifestations, notamment syndromes inflammatoires du nez et des oreilles, entre\u00a0autres. Raret\u00e9 des atteintes trach\u00e9o-bronchiques.\u00a0Pas de SMD, pas d&#8217;atteintes cardio-art\u00e9rielles sp\u00e9cifiques. Pas de cortico\u00efdes dans 10% des cas.\u00a010% de formes de PCA dites mineures (m\u00eame si douloureuses).\u00a0Cas de r\u00e9missions durables dans 16% des cas.<\/p>\t\t\t\t\t\t\t\t<\/div>\n\t\t\t\t<\/div>\n\t\t\t\t\t<\/div>\n\t\t\t\t<\/div>\n\t\t\t\t<\/div>\n\t\t","protected":false},"excerpt":{"rendered":"<p>Pr\u00e9sentation Dr Mathian Alexis\u00a0: actualit\u00e9s dans la PCA (CHU de APHP de la Piti\u00e9-Salp\u00eatri\u00e8re) \u2013&gt; voir la pr\u00e9sentation sur les actualit\u00e9s de 2015 (tomoscintigraphie par \u00e9mission de positons (TEP) dans la PCA et les bioth\u00e9rapies) La tomoscintigraphie par \u00e9mission de positons (TEP) dans la PCA Fixation sur les r\u00e9gions \u00ab inflamm\u00e9es (cartilages, paroi des vaisseaux, [&hellip;]<\/p>\n","protected":false},"author":10,"featured_media":0,"parent":4783,"menu_order":0,"comment_status":"closed","ping_status":"closed","template":"","meta":{"footnotes":""},"class_list":["post-4896","page","type-page","status-publish","hentry","post"],"yoast_head":"<!-- This site is optimized with the Yoast SEO plugin v27.5 - https:\/\/yoast.com\/product\/yoast-seo-wordpress\/ -->\n<title>pr\u00e9sentation AG 2015 - Association Francophone Contre La Polychondrite Chronique Atrophiante<\/title>\n<meta name=\"robots\" content=\"index, follow, max-snippet:-1, max-image-preview:large, max-video-preview:-1\" \/>\n<link rel=\"canonical\" href=\"https:\/\/afpca.fr\/site\/espace-adherent-afpca\/archives\/presentation-ag-2015\/\" \/>\n<meta property=\"og:locale\" content=\"fr_FR\" \/>\n<meta property=\"og:type\" content=\"article\" \/>\n<meta property=\"og:title\" content=\"pr\u00e9sentation AG 2015 - Association Francophone Contre La Polychondrite Chronique Atrophiante\" \/>\n<meta property=\"og:description\" content=\"Pr\u00e9sentation Dr Mathian Alexis\u00a0: actualit\u00e9s dans la PCA (CHU de APHP de la Piti\u00e9-Salp\u00eatri\u00e8re) \u2013&gt; voir la pr\u00e9sentation sur les actualit\u00e9s de 2015 (tomoscintigraphie par \u00e9mission de positons (TEP) dans la PCA et les bioth\u00e9rapies) La tomoscintigraphie par \u00e9mission de positons (TEP) dans la PCA Fixation sur les r\u00e9gions \u00ab inflamm\u00e9es (cartilages, paroi des vaisseaux, [&hellip;]\" \/>\n<meta property=\"og:url\" content=\"https:\/\/afpca.fr\/site\/espace-adherent-afpca\/archives\/presentation-ag-2015\/\" \/>\n<meta property=\"og:site_name\" content=\"Association Francophone Contre La Polychondrite Chronique Atrophiante\" \/>\n<meta property=\"article:publisher\" content=\"https:\/\/www.facebook.com\/groups\/42710644010\" \/>\n<meta property=\"article:modified_time\" content=\"2025-11-03T18:00:46+00:00\" \/>\n<meta name=\"twitter:card\" content=\"summary_large_image\" \/>\n<meta name=\"twitter:label1\" content=\"Dur\u00e9e de lecture estim\u00e9e\" \/>\n\t<meta name=\"twitter:data1\" content=\"3 minutes\" \/>\n<script type=\"application\/ld+json\" class=\"yoast-schema-graph\">{\"@context\":\"https:\\\/\\\/schema.org\",\"@graph\":[{\"@type\":\"WebPage\",\"@id\":\"https:\\\/\\\/afpca.fr\\\/site\\\/espace-adherent-afpca\\\/archives\\\/presentation-ag-2015\\\/\",\"url\":\"https:\\\/\\\/afpca.fr\\\/site\\\/espace-adherent-afpca\\\/archives\\\/presentation-ag-2015\\\/\",\"name\":\"pr\u00e9sentation AG 2015 - Association Francophone Contre La Polychondrite Chronique Atrophiante\",\"isPartOf\":{\"@id\":\"https:\\\/\\\/afpca.fr\\\/site\\\/#website\"},\"datePublished\":\"2025-11-03T17:12:36+00:00\",\"dateModified\":\"2025-11-03T18:00:46+00:00\",\"breadcrumb\":{\"@id\":\"https:\\\/\\\/afpca.fr\\\/site\\\/espace-adherent-afpca\\\/archives\\\/presentation-ag-2015\\\/#breadcrumb\"},\"inLanguage\":\"fr-FR\",\"potentialAction\":[{\"@type\":\"ReadAction\",\"target\":[\"https:\\\/\\\/afpca.fr\\\/site\\\/espace-adherent-afpca\\\/archives\\\/presentation-ag-2015\\\/\"]}]},{\"@type\":\"BreadcrumbList\",\"@id\":\"https:\\\/\\\/afpca.fr\\\/site\\\/espace-adherent-afpca\\\/archives\\\/presentation-ag-2015\\\/#breadcrumb\",\"itemListElement\":[{\"@type\":\"ListItem\",\"position\":1,\"name\":\"Accueil\",\"item\":\"https:\\\/\\\/afpca.fr\\\/site\\\/\"},{\"@type\":\"ListItem\",\"position\":2,\"name\":\"Espace adh\u00e9rent AFPCA\",\"item\":\"https:\\\/\\\/afpca.fr\\\/site\\\/espace-adherent-afpca\\\/\"},{\"@type\":\"ListItem\",\"position\":3,\"name\":\"Archives\",\"item\":\"https:\\\/\\\/afpca.fr\\\/site\\\/espace-adherent-afpca\\\/archives\\\/\"},{\"@type\":\"ListItem\",\"position\":4,\"name\":\"pr\u00e9sentation AG 2015\"}]},{\"@type\":\"WebSite\",\"@id\":\"https:\\\/\\\/afpca.fr\\\/site\\\/#website\",\"url\":\"https:\\\/\\\/afpca.fr\\\/site\\\/\",\"name\":\"Association Francophone Contre La Polychondrite Chronique Atrophiante\",\"description\":\"Association Francophone Contre La Polychondrite Chronique Atrophiante\",\"publisher\":{\"@id\":\"https:\\\/\\\/afpca.fr\\\/site\\\/#organization\"},\"potentialAction\":[{\"@type\":\"SearchAction\",\"target\":{\"@type\":\"EntryPoint\",\"urlTemplate\":\"https:\\\/\\\/afpca.fr\\\/site\\\/?s={search_term_string}\"},\"query-input\":{\"@type\":\"PropertyValueSpecification\",\"valueRequired\":true,\"valueName\":\"search_term_string\"}}],\"inLanguage\":\"fr-FR\"},{\"@type\":\"Organization\",\"@id\":\"https:\\\/\\\/afpca.fr\\\/site\\\/#organization\",\"name\":\"Association Francophone Contre La Polychondrite Chronique Atrophiante\",\"url\":\"https:\\\/\\\/afpca.fr\\\/site\\\/\",\"logo\":{\"@type\":\"ImageObject\",\"inLanguage\":\"fr-FR\",\"@id\":\"https:\\\/\\\/afpca.fr\\\/site\\\/#\\\/schema\\\/logo\\\/image\\\/\",\"url\":\"https:\\\/\\\/afpca.fr\\\/site\\\/wp-content\\\/uploads\\\/2023\\\/05\\\/LOGO_afpca.png\",\"contentUrl\":\"https:\\\/\\\/afpca.fr\\\/site\\\/wp-content\\\/uploads\\\/2023\\\/05\\\/LOGO_afpca.png\",\"width\":184,\"height\":184,\"caption\":\"Association Francophone Contre La Polychondrite Chronique Atrophiante\"},\"image\":{\"@id\":\"https:\\\/\\\/afpca.fr\\\/site\\\/#\\\/schema\\\/logo\\\/image\\\/\"},\"sameAs\":[\"https:\\\/\\\/www.facebook.com\\\/groups\\\/42710644010\"]}]}<\/script>\n<!-- \/ Yoast SEO plugin. -->","yoast_head_json":{"title":"pr\u00e9sentation AG 2015 - Association Francophone Contre La Polychondrite Chronique Atrophiante","robots":{"index":"index","follow":"follow","max-snippet":"max-snippet:-1","max-image-preview":"max-image-preview:large","max-video-preview":"max-video-preview:-1"},"canonical":"https:\/\/afpca.fr\/site\/espace-adherent-afpca\/archives\/presentation-ag-2015\/","og_locale":"fr_FR","og_type":"article","og_title":"pr\u00e9sentation AG 2015 - Association Francophone Contre La Polychondrite Chronique Atrophiante","og_description":"Pr\u00e9sentation Dr Mathian Alexis\u00a0: actualit\u00e9s dans la PCA (CHU de APHP de la Piti\u00e9-Salp\u00eatri\u00e8re) \u2013&gt; voir la pr\u00e9sentation sur les actualit\u00e9s de 2015 (tomoscintigraphie par \u00e9mission de positons (TEP) dans la PCA et les bioth\u00e9rapies) La tomoscintigraphie par \u00e9mission de positons (TEP) dans la PCA Fixation sur les r\u00e9gions \u00ab inflamm\u00e9es (cartilages, paroi des vaisseaux, [&hellip;]","og_url":"https:\/\/afpca.fr\/site\/espace-adherent-afpca\/archives\/presentation-ag-2015\/","og_site_name":"Association Francophone Contre La Polychondrite Chronique Atrophiante","article_publisher":"https:\/\/www.facebook.com\/groups\/42710644010","article_modified_time":"2025-11-03T18:00:46+00:00","twitter_card":"summary_large_image","twitter_misc":{"Dur\u00e9e de lecture estim\u00e9e":"3 minutes"},"schema":{"@context":"https:\/\/schema.org","@graph":[{"@type":"WebPage","@id":"https:\/\/afpca.fr\/site\/espace-adherent-afpca\/archives\/presentation-ag-2015\/","url":"https:\/\/afpca.fr\/site\/espace-adherent-afpca\/archives\/presentation-ag-2015\/","name":"pr\u00e9sentation AG 2015 - Association Francophone Contre La Polychondrite Chronique Atrophiante","isPartOf":{"@id":"https:\/\/afpca.fr\/site\/#website"},"datePublished":"2025-11-03T17:12:36+00:00","dateModified":"2025-11-03T18:00:46+00:00","breadcrumb":{"@id":"https:\/\/afpca.fr\/site\/espace-adherent-afpca\/archives\/presentation-ag-2015\/#breadcrumb"},"inLanguage":"fr-FR","potentialAction":[{"@type":"ReadAction","target":["https:\/\/afpca.fr\/site\/espace-adherent-afpca\/archives\/presentation-ag-2015\/"]}]},{"@type":"BreadcrumbList","@id":"https:\/\/afpca.fr\/site\/espace-adherent-afpca\/archives\/presentation-ag-2015\/#breadcrumb","itemListElement":[{"@type":"ListItem","position":1,"name":"Accueil","item":"https:\/\/afpca.fr\/site\/"},{"@type":"ListItem","position":2,"name":"Espace adh\u00e9rent AFPCA","item":"https:\/\/afpca.fr\/site\/espace-adherent-afpca\/"},{"@type":"ListItem","position":3,"name":"Archives","item":"https:\/\/afpca.fr\/site\/espace-adherent-afpca\/archives\/"},{"@type":"ListItem","position":4,"name":"pr\u00e9sentation AG 2015"}]},{"@type":"WebSite","@id":"https:\/\/afpca.fr\/site\/#website","url":"https:\/\/afpca.fr\/site\/","name":"Association Francophone Contre La Polychondrite Chronique Atrophiante","description":"Association Francophone Contre La Polychondrite Chronique Atrophiante","publisher":{"@id":"https:\/\/afpca.fr\/site\/#organization"},"potentialAction":[{"@type":"SearchAction","target":{"@type":"EntryPoint","urlTemplate":"https:\/\/afpca.fr\/site\/?s={search_term_string}"},"query-input":{"@type":"PropertyValueSpecification","valueRequired":true,"valueName":"search_term_string"}}],"inLanguage":"fr-FR"},{"@type":"Organization","@id":"https:\/\/afpca.fr\/site\/#organization","name":"Association Francophone Contre La Polychondrite Chronique Atrophiante","url":"https:\/\/afpca.fr\/site\/","logo":{"@type":"ImageObject","inLanguage":"fr-FR","@id":"https:\/\/afpca.fr\/site\/#\/schema\/logo\/image\/","url":"https:\/\/afpca.fr\/site\/wp-content\/uploads\/2023\/05\/LOGO_afpca.png","contentUrl":"https:\/\/afpca.fr\/site\/wp-content\/uploads\/2023\/05\/LOGO_afpca.png","width":184,"height":184,"caption":"Association Francophone Contre La Polychondrite Chronique Atrophiante"},"image":{"@id":"https:\/\/afpca.fr\/site\/#\/schema\/logo\/image\/"},"sameAs":["https:\/\/www.facebook.com\/groups\/42710644010"]}]}},"_links":{"self":[{"href":"https:\/\/afpca.fr\/site\/wp-json\/wp\/v2\/pages\/4896","targetHints":{"allow":["GET"]}}],"collection":[{"href":"https:\/\/afpca.fr\/site\/wp-json\/wp\/v2\/pages"}],"about":[{"href":"https:\/\/afpca.fr\/site\/wp-json\/wp\/v2\/types\/page"}],"author":[{"embeddable":true,"href":"https:\/\/afpca.fr\/site\/wp-json\/wp\/v2\/users\/10"}],"replies":[{"embeddable":true,"href":"https:\/\/afpca.fr\/site\/wp-json\/wp\/v2\/comments?post=4896"}],"version-history":[{"count":21,"href":"https:\/\/afpca.fr\/site\/wp-json\/wp\/v2\/pages\/4896\/revisions"}],"predecessor-version":[{"id":4923,"href":"https:\/\/afpca.fr\/site\/wp-json\/wp\/v2\/pages\/4896\/revisions\/4923"}],"up":[{"embeddable":true,"href":"https:\/\/afpca.fr\/site\/wp-json\/wp\/v2\/pages\/4783"}],"wp:attachment":[{"href":"https:\/\/afpca.fr\/site\/wp-json\/wp\/v2\/media?parent=4896"}],"curies":[{"name":"wp","href":"https:\/\/api.w.org\/{rel}","templated":true}]}}